{"id":6062,"date":"2021-08-05T08:02:38","date_gmt":"2021-08-05T08:02:38","guid":{"rendered":"http:\/\/archiv.szolnoktv.hu\/?page_id=6062"},"modified":"2021-08-05T08:02:38","modified_gmt":"2021-08-05T08:02:38","slug":"2019-2","status":"publish","type":"page","link":"http:\/\/archiv.szolnoktv.hu\/?page_id=6062","title":{"rendered":"2019"},"content":{"rendered":"\t\t<div class=\"pgafu-post-grid-main pgafu-design-2 pgafu-image-fit pgafu-grid-3 pgafu-clearfix \">\r\n\t\t\t<div class=\"pgafu-post-grid  pgafu-medium-4 pgafu-columns  pgafu-first\">\r\n\t<div class=\"pgafu-post-grid-content no-thumb-image\">\r\n\t\t\r\n\t\t<div class=\"pgafu-content-above-image\">\r\n\t\t\t<h2 class=\"pgafu-post-title\">\r\n\t\t\t\t<a href=\"http:\/\/archiv.szolnoktv.hu\/?p=7805\">\u00d3vjuk kedvenceinket szilveszterkor<\/a>\r\n\t\t\t<\/h2>\r\n\r\n\t\t\t\t\t\t\t<div class=\"pgafu-post-categories\"><a href=\"http:\/\/archiv.szolnoktv.hu\/?cat=8\">2019<\/a><\/div>\r\n\t\t\t\t\t\t\t<div class=\"pgafu-post-date\">\r\n\t\t\t\t\t\t\t\t\t\t\t<span class=\"pgafu-time\"> <img src=\"http:\/\/archiv.szolnoktv.hu\/wp-content\/plugins\/post-grid-and-filter-ultimate\/assets\/images\/calendar.svg\" alt=\"\"> 2019.12.30. <\/span>\r\n\t\t\t\t\t\t\t\t\t<\/div>\r\n\t\t\t\t\t\t\t<div class=\"pgafu-post-content\">\r\n\t\t\t\t\t<div class=\"pgafu-post-short-content\">Pr\u00e1g\u00e1ban, Miskolcon, Szentendr\u00e9n, Tat\u00e1n, Kom\u00e1romban, Balatonalm\u00e1diban \u00e9s Esztergomban az \u00e1llatok v\u00e9delm\u00e9ben id\u00e9n nem lesz szilveszteri t\u0171zij\u00e1t\u00e9k. Szolnokon pet\u00e1rdastopot hirdettek az...<\/div>\r\n\t\t\t\t\t\t\t\t\t\t\t<a href=\"http:\/\/archiv.szolnoktv.hu\/?p=7805\" class=\"readmorebtn\">Tov\u00e1bb \u00bb<\/a>\r\n\t\t\t\t\t\t\t\t\t<\/div>\r\n\t\t\t\t\t<\/div>\r\n\t<\/div>\r\n<\/div><div class=\"pgafu-post-grid  pgafu-medium-4 pgafu-columns \">\r\n\t<div class=\"pgafu-post-grid-content no-thumb-image\">\r\n\t\t\r\n\t\t<div class=\"pgafu-content-above-image\">\r\n\t\t\t<h2 class=\"pgafu-post-title\">\r\n\t\t\t\t<a href=\"http:\/\/archiv.szolnoktv.hu\/?p=7804\">Szilveszter 2020<\/a>\r\n\t\t\t<\/h2>\r\n\r\n\t\t\t\t\t\t\t<div class=\"pgafu-post-categories\"><a href=\"http:\/\/archiv.szolnoktv.hu\/?cat=8\">2019<\/a><\/div>\r\n\t\t\t\t\t\t\t<div class=\"pgafu-post-date\">\r\n\t\t\t\t\t\t\t\t\t\t\t<span class=\"pgafu-time\"> <img src=\"http:\/\/archiv.szolnoktv.hu\/wp-content\/plugins\/post-grid-and-filter-ultimate\/assets\/images\/calendar.svg\" alt=\"\"> 2019.12.30. <\/span>\r\n\t\t\t\t\t\t\t\t\t<\/div>\r\n\t\t\t\t\t\t\t<div class=\"pgafu-post-content\">\r\n\t\t\t\t\t<div class=\"pgafu-post-short-content\">Id\u00e9n el\u0151sz\u00f6r nem lesz el\u0151-szilveszteri m\u0171sora a Szolnok Telev\u00edzi\u00f3nak. \u00c9vb\u00facs\u00faztat\u00f3 \u00f6ssze\u00e1ll\u00edt\u00e1sunkat december 31-\u00e9n l\u00e1thatj\u00e1k. Saj\u00e1t szerkeszt\u00e9s\u0171 m\u0171sorunk 19 \u00f3ra 30...<\/div>\r\n\t\t\t\t\t\t\t\t\t\t\t<a href=\"http:\/\/archiv.szolnoktv.hu\/?p=7804\" class=\"readmorebtn\">Tov\u00e1bb \u00bb<\/a>\r\n\t\t\t\t\t\t\t\t\t<\/div>\r\n\t\t\t\t\t<\/div>\r\n\t<\/div>\r\n<\/div><div class=\"pgafu-post-grid  pgafu-medium-4 pgafu-columns  pgafu-last\">\r\n\t<div class=\"pgafu-post-grid-content no-thumb-image\">\r\n\t\t\r\n\t\t<div class=\"pgafu-content-above-image\">\r\n\t\t\t<h2 class=\"pgafu-post-title\">\r\n\t\t\t\t<a href=\"http:\/\/archiv.szolnoktv.hu\/?p=7803\">Szilveszteri t\u0171zij\u00e1t\u00e9k<\/a>\r\n\t\t\t<\/h2>\r\n\r\n\t\t\t\t\t\t\t<div class=\"pgafu-post-categories\"><a href=\"http:\/\/archiv.szolnoktv.hu\/?cat=8\">2019<\/a><\/div>\r\n\t\t\t\t\t\t\t<div class=\"pgafu-post-date\">\r\n\t\t\t\t\t\t\t\t\t\t\t<span class=\"pgafu-time\"> <img src=\"http:\/\/archiv.szolnoktv.hu\/wp-content\/plugins\/post-grid-and-filter-ultimate\/assets\/images\/calendar.svg\" alt=\"\"> 2019.12.30. <\/span>\r\n\t\t\t\t\t\t\t\t\t<\/div>\r\n\t\t\t\t\t\t\t<div class=\"pgafu-post-content\">\r\n\t\t\t\t\t<div class=\"pgafu-post-short-content\">Az \u00e1llamalap\u00edt\u00e1s \u00fcnnepe \u00e9s az \u00f3\u00e9vb\u00facs\u00faztat\u00f3 \u00e1lland\u00f3 eleme a t\u0171zij\u00e1t\u00e9k. B\u00e1r id\u00e9n t\u00f6bb magyarorsz\u00e1gi v\u00e1ros is jelezte, hogy- els\u0151sorban \u00e1llatv\u00e9delmi...<\/div>\r\n\t\t\t\t\t\t\t\t\t\t\t<a href=\"http:\/\/archiv.szolnoktv.hu\/?p=7803\" class=\"readmorebtn\">Tov\u00e1bb \u00bb<\/a>\r\n\t\t\t\t\t\t\t\t\t<\/div>\r\n\t\t\t\t\t<\/div>\r\n\t<\/div>\r\n<\/div><div class=\"pgafu-post-grid  pgafu-medium-4 pgafu-columns  pgafu-first\">\r\n\t<div class=\"pgafu-post-grid-content no-thumb-image\">\r\n\t\t\r\n\t\t<div class=\"pgafu-content-above-image\">\r\n\t\t\t<h2 class=\"pgafu-post-title\">\r\n\t\t\t\t<a href=\"http:\/\/archiv.szolnoktv.hu\/?p=7802\">T\u0171zij\u00e1t\u00e9k: szabad &#8211; pet\u00e1rda: tilos<\/a>\r\n\t\t\t<\/h2>\r\n\r\n\t\t\t\t\t\t\t<div class=\"pgafu-post-categories\"><a href=\"http:\/\/archiv.szolnoktv.hu\/?cat=8\">2019<\/a><\/div>\r\n\t\t\t\t\t\t\t<div class=\"pgafu-post-date\">\r\n\t\t\t\t\t\t\t\t\t\t\t<span class=\"pgafu-time\"> <img src=\"http:\/\/archiv.szolnoktv.hu\/wp-content\/plugins\/post-grid-and-filter-ultimate\/assets\/images\/calendar.svg\" alt=\"\"> 2019.12.30. <\/span>\r\n\t\t\t\t\t\t\t\t\t<\/div>\r\n\t\t\t\t\t\t\t<div class=\"pgafu-post-content\">\r\n\t\t\t\t\t<div class=\"pgafu-post-short-content\">H\u00e1rom napon \u00e1t, december 31-ig lehet v\u00e1s\u00e1rolni haz\u00e1nkban \u00fagynevezett 3-as kateg\u00f3ri\u00e1j\u00fa pirotechnikai eszk\u00f6zt, vagyis a legnagyobb teljes\u00edtm\u00e9ny\u0171 t\u0171zij\u00e1t\u00e9kot. Ezeket kiz\u00e1r\u00f3lag...<\/div>\r\n\t\t\t\t\t\t\t\t\t\t\t<a href=\"http:\/\/archiv.szolnoktv.hu\/?p=7802\" class=\"readmorebtn\">Tov\u00e1bb \u00bb<\/a>\r\n\t\t\t\t\t\t\t\t\t<\/div>\r\n\t\t\t\t\t<\/div>\r\n\t<\/div>\r\n<\/div><div class=\"pgafu-post-grid  pgafu-medium-4 pgafu-columns \">\r\n\t<div class=\"pgafu-post-grid-content no-thumb-image\">\r\n\t\t\r\n\t\t<div class=\"pgafu-content-above-image\">\r\n\t\t\t<h2 class=\"pgafu-post-title\">\r\n\t\t\t\t<a href=\"http:\/\/archiv.szolnoktv.hu\/?p=7801\">Szilveszteri menetrend, nyitva tart\u00e1s<\/a>\r\n\t\t\t<\/h2>\r\n\r\n\t\t\t\t\t\t\t<div class=\"pgafu-post-categories\"><a href=\"http:\/\/archiv.szolnoktv.hu\/?cat=8\">2019<\/a><\/div>\r\n\t\t\t\t\t\t\t<div class=\"pgafu-post-date\">\r\n\t\t\t\t\t\t\t\t\t\t\t<span class=\"pgafu-time\"> <img src=\"http:\/\/archiv.szolnoktv.hu\/wp-content\/plugins\/post-grid-and-filter-ultimate\/assets\/images\/calendar.svg\" alt=\"\"> 2019.12.30. <\/span>\r\n\t\t\t\t\t\t\t\t\t<\/div>\r\n\t\t\t\t\t\t\t<div class=\"pgafu-post-content\">\r\n\t\t\t\t\t<div class=\"pgafu-post-short-content\">A vonatok \u00e9s a buszok holnap m\u00e9g a munkanapra \u00e9rv\u00e9nyes menetrend szerint k\u00f6zlekednek, az \u00fczletek viszont a megszokottn\u00e1l kor\u00e1bban z\u00e1rnak....<\/div>\r\n\t\t\t\t\t\t\t\t\t\t\t<a href=\"http:\/\/archiv.szolnoktv.hu\/?p=7801\" class=\"readmorebtn\">Tov\u00e1bb \u00bb<\/a>\r\n\t\t\t\t\t\t\t\t\t<\/div>\r\n\t\t\t\t\t<\/div>\r\n\t<\/div>\r\n<\/div><div class=\"pgafu-post-grid  pgafu-medium-4 pgafu-columns  pgafu-last\">\r\n\t<div class=\"pgafu-post-grid-content no-thumb-image\">\r\n\t\t\r\n\t\t<div class=\"pgafu-content-above-image\">\r\n\t\t\t<h2 class=\"pgafu-post-title\">\r\n\t\t\t\t<a href=\"http:\/\/archiv.szolnoktv.hu\/?p=7800\">&#8220;Enni adok&#8221;  \u00e9teldoboz a Sz\u00e9chenyi krt. 121 \u00e9p\u00fclet ker\u00edt\u00e9s\u00e9n.<\/a>\r\n\t\t\t<\/h2>\r\n\r\n\t\t\t\t\t\t\t<div class=\"pgafu-post-categories\"><a href=\"http:\/\/archiv.szolnoktv.hu\/?cat=8\">2019<\/a><\/div>\r\n\t\t\t\t\t\t\t<div class=\"pgafu-post-date\">\r\n\t\t\t\t\t\t\t\t\t\t\t<span class=\"pgafu-time\"> <img src=\"http:\/\/archiv.szolnoktv.hu\/wp-content\/plugins\/post-grid-and-filter-ultimate\/assets\/images\/calendar.svg\" alt=\"\"> 2019.12.27. <\/span>\r\n\t\t\t\t\t\t\t\t\t<\/div>\r\n\t\t\t\t\t\t\t<div class=\"pgafu-post-content\">\r\n\t\t\t\t\t<div class=\"pgafu-post-short-content\">Senki nem maradhat meleg \u00e9tel n\u00e9lk\u00fcl. A t\u00e9li sz\u00fcnetben is folytat\u00f3dik a meleg \u00e9tel oszt\u00e1s a v\u00e1rosban. Mindemellett a Sz\u00e9chenyi...<\/div>\r\n\t\t\t\t\t\t\t\t\t\t\t<a href=\"http:\/\/archiv.szolnoktv.hu\/?p=7800\" class=\"readmorebtn\">Tov\u00e1bb \u00bb<\/a>\r\n\t\t\t\t\t\t\t\t\t<\/div>\r\n\t\t\t\t\t<\/div>\r\n\t<\/div>\r\n<\/div><div class=\"pgafu-post-grid  pgafu-medium-4 pgafu-columns  pgafu-first\">\r\n\t<div class=\"pgafu-post-grid-content no-thumb-image\">\r\n\t\t\r\n\t\t<div class=\"pgafu-content-above-image\">\r\n\t\t\t<h2 class=\"pgafu-post-title\">\r\n\t\t\t\t<a href=\"http:\/\/archiv.szolnoktv.hu\/?p=7799\">Sokan az edz\u0151termekben kezdt\u00e9k a napot<\/a>\r\n\t\t\t<\/h2>\r\n\r\n\t\t\t\t\t\t\t<div class=\"pgafu-post-categories\"><a href=\"http:\/\/archiv.szolnoktv.hu\/?cat=8\">2019<\/a><\/div>\r\n\t\t\t\t\t\t\t<div class=\"pgafu-post-date\">\r\n\t\t\t\t\t\t\t\t\t\t\t<span class=\"pgafu-time\"> <img src=\"http:\/\/archiv.szolnoktv.hu\/wp-content\/plugins\/post-grid-and-filter-ultimate\/assets\/images\/calendar.svg\" alt=\"\"> 2019.12.27. <\/span>\r\n\t\t\t\t\t\t\t\t\t<\/div>\r\n\t\t\t\t\t\t\t<div class=\"pgafu-post-content\">\r\n\t\t\t\t\t<div class=\"pgafu-post-short-content\">\"Kar\u00e1csony - faktor.\" \u00cdgy h\u00edvj\u00e1k tudom\u00e1nyosan a kar\u00e1csonyi h\u00edz\u00e1s jelens\u00e9g\u00e9t. Sokan s\u00e9t\u00e1val vagy fut\u00e1ssal, m\u00edg m\u00e1sok edz\u0151teremben pr\u00f3b\u00e1lnak megszabadulni a...<\/div>\r\n\t\t\t\t\t\t\t\t\t\t\t<a href=\"http:\/\/archiv.szolnoktv.hu\/?p=7799\" class=\"readmorebtn\">Tov\u00e1bb \u00bb<\/a>\r\n\t\t\t\t\t\t\t\t\t<\/div>\r\n\t\t\t\t\t<\/div>\r\n\t<\/div>\r\n<\/div><div class=\"pgafu-post-grid  pgafu-medium-4 pgafu-columns \">\r\n\t<div class=\"pgafu-post-grid-content no-thumb-image\">\r\n\t\t\r\n\t\t<div class=\"pgafu-content-above-image\">\r\n\t\t\t<h2 class=\"pgafu-post-title\">\r\n\t\t\t\t<a href=\"http:\/\/archiv.szolnoktv.hu\/?p=7798\">Eg\u00e9sz \u00e9vben elk\u00e9l a seg\u00edts\u00e9g<\/a>\r\n\t\t\t<\/h2>\r\n\r\n\t\t\t\t\t\t\t<div class=\"pgafu-post-categories\"><a href=\"http:\/\/archiv.szolnoktv.hu\/?cat=8\">2019<\/a><\/div>\r\n\t\t\t\t\t\t\t<div class=\"pgafu-post-date\">\r\n\t\t\t\t\t\t\t\t\t\t\t<span class=\"pgafu-time\"> <img src=\"http:\/\/archiv.szolnoktv.hu\/wp-content\/plugins\/post-grid-and-filter-ultimate\/assets\/images\/calendar.svg\" alt=\"\"> 2019.12.27. <\/span>\r\n\t\t\t\t\t\t\t\t\t<\/div>\r\n\t\t\t\t\t\t\t<div class=\"pgafu-post-content\">\r\n\t\t\t\t\t<div class=\"pgafu-post-short-content\">\u00c9v v\u00e9g\u00e9n, \u00fcnnepekkor sorj\u00e1znak az adom\u00e1nyok, a gy\u0171jt\u00e9sek. Egyre t\u00f6bben vannak azonban, akik nemcsak ilyenkor, hanem eg\u00e9sz \u00e9vben gondolnak a...<\/div>\r\n\t\t\t\t\t\t\t\t\t\t\t<a href=\"http:\/\/archiv.szolnoktv.hu\/?p=7798\" class=\"readmorebtn\">Tov\u00e1bb \u00bb<\/a>\r\n\t\t\t\t\t\t\t\t\t<\/div>\r\n\t\t\t\t\t<\/div>\r\n\t<\/div>\r\n<\/div><div class=\"pgafu-post-grid  pgafu-medium-4 pgafu-columns  pgafu-last\">\r\n\t<div class=\"pgafu-post-grid-content no-thumb-image\">\r\n\t\t\r\n\t\t<div class=\"pgafu-content-above-image\">\r\n\t\t\t<h2 class=\"pgafu-post-title\">\r\n\t\t\t\t<a href=\"http:\/\/archiv.szolnoktv.hu\/?p=7797\">K\u00f6sz\u00f6net az eg\u00e9sz \u00e9ves munk\u00e1juk\u00e9rt.<\/a>\r\n\t\t\t<\/h2>\r\n\r\n\t\t\t\t\t\t\t<div class=\"pgafu-post-categories\"><a href=\"http:\/\/archiv.szolnoktv.hu\/?cat=8\">2019<\/a><\/div>\r\n\t\t\t\t\t\t\t<div class=\"pgafu-post-date\">\r\n\t\t\t\t\t\t\t\t\t\t\t<span class=\"pgafu-time\"> <img src=\"http:\/\/archiv.szolnoktv.hu\/wp-content\/plugins\/post-grid-and-filter-ultimate\/assets\/images\/calendar.svg\" alt=\"\"> 2019.12.27. <\/span>\r\n\t\t\t\t\t\t\t\t\t<\/div>\r\n\t\t\t\t\t\t\t<div class=\"pgafu-post-content\">\r\n\t\t\t\t\t<div class=\"pgafu-post-short-content\">Szolnok \u00e9s a megye k\u00f6sz\u00f6net\u00e9t vitt\u00e9k 24-\u00e9n azoknak, akik az \u00fcnnepek alatt is dolgoztak. Szalay Ferenc, Hubai Imre, Gy\u00f6rfi Mih\u00e1ly...<\/div>\r\n\t\t\t\t\t\t\t\t\t\t\t<a href=\"http:\/\/archiv.szolnoktv.hu\/?p=7797\" class=\"readmorebtn\">Tov\u00e1bb \u00bb<\/a>\r\n\t\t\t\t\t\t\t\t\t<\/div>\r\n\t\t\t\t\t<\/div>\r\n\t<\/div>\r\n<\/div><div class=\"pgafu-post-grid  pgafu-medium-4 pgafu-columns  pgafu-first\">\r\n\t<div class=\"pgafu-post-grid-content no-thumb-image\">\r\n\t\t\r\n\t\t<div class=\"pgafu-content-above-image\">\r\n\t\t\t<h2 class=\"pgafu-post-title\">\r\n\t\t\t\t<a href=\"http:\/\/archiv.szolnoktv.hu\/?p=7766\">Fagyra v\u00e1rnak a gazd\u00e1k<\/a>\r\n\t\t\t<\/h2>\r\n\r\n\t\t\t\t\t\t\t<div class=\"pgafu-post-categories\"><a href=\"http:\/\/archiv.szolnoktv.hu\/?cat=8\">2019<\/a><\/div>\r\n\t\t\t\t\t\t\t<div class=\"pgafu-post-date\">\r\n\t\t\t\t\t\t\t\t\t\t\t<span class=\"pgafu-time\"> <img src=\"http:\/\/archiv.szolnoktv.hu\/wp-content\/plugins\/post-grid-and-filter-ultimate\/assets\/images\/calendar.svg\" alt=\"\"> 2019.12.27. <\/span>\r\n\t\t\t\t\t\t\t\t\t<\/div>\r\n\t\t\t\t\t\t\t<div class=\"pgafu-post-content\">\r\n\t\t\t\t\t<div class=\"pgafu-post-short-content\">Az es\u0151 j\u00f3t tett, de hi\u00e1nyzik a hideg \u00e9s a h\u00f3 a f\u00f6ldekr\u0151l. 50-60 millim\u00e9ternyi csapad\u00e1k hullott az ut\u00f3bbi napokban,...<\/div>\r\n\t\t\t\t\t\t\t\t\t\t\t<a href=\"http:\/\/archiv.szolnoktv.hu\/?p=7766\" class=\"readmorebtn\">Tov\u00e1bb \u00bb<\/a>\r\n\t\t\t\t\t\t\t\t\t<\/div>\r\n\t\t\t\t\t<\/div>\r\n\t<\/div>\r\n<\/div><div class=\"pgafu-post-grid  pgafu-medium-4 pgafu-columns \">\r\n\t<div class=\"pgafu-post-grid-content no-thumb-image\">\r\n\t\t\r\n\t\t<div class=\"pgafu-content-above-image\">\r\n\t\t\t<h2 class=\"pgafu-post-title\">\r\n\t\t\t\t<a href=\"http:\/\/archiv.szolnoktv.hu\/?p=7765\">Szekeres \u00c9va sajt\u00f3t\u00e1j\u00e9koztat\u00f3ja<\/a>\r\n\t\t\t<\/h2>\r\n\r\n\t\t\t\t\t\t\t<div class=\"pgafu-post-categories\"><a href=\"http:\/\/archiv.szolnoktv.hu\/?cat=8\">2019<\/a><\/div>\r\n\t\t\t\t\t\t\t<div class=\"pgafu-post-date\">\r\n\t\t\t\t\t\t\t\t\t\t\t<span class=\"pgafu-time\"> <img src=\"http:\/\/archiv.szolnoktv.hu\/wp-content\/plugins\/post-grid-and-filter-ultimate\/assets\/images\/calendar.svg\" alt=\"\"> 2019.12.23. <\/span>\r\n\t\t\t\t\t\t\t\t\t<\/div>\r\n\t\t\t\t\t\t\t<div class=\"pgafu-post-content\">\r\n\t\t\t\t\t<div class=\"pgafu-post-short-content\">Azoknak az aktivist\u00e1knak mondott k\u00f6sz\u00f6netet a Momentum v\u00e1rosi aleln\u00f6ke, akik az \u00e9v mindennapj\u00e1n \u00edgy kar\u00e1csonykor is a szeg\u00e9nyeket seg\u00edtik. Szekeres...<\/div>\r\n\t\t\t\t\t\t\t\t\t\t\t<a href=\"http:\/\/archiv.szolnoktv.hu\/?p=7765\" class=\"readmorebtn\">Tov\u00e1bb \u00bb<\/a>\r\n\t\t\t\t\t\t\t\t\t<\/div>\r\n\t\t\t\t\t<\/div>\r\n\t<\/div>\r\n<\/div><div class=\"pgafu-post-grid  pgafu-medium-4 pgafu-columns  pgafu-last\">\r\n\t<div class=\"pgafu-post-grid-content no-thumb-image\">\r\n\t\t\r\n\t\t<div class=\"pgafu-content-above-image\">\r\n\t\t\t<h2 class=\"pgafu-post-title\">\r\n\t\t\t\t<a href=\"http:\/\/archiv.szolnoktv.hu\/?p=7764\">Egyre n\u00e9pszer\u0171bbek a kar\u00e1csonyi szolg\u00e1ltat\u00e1sok<\/a>\r\n\t\t\t<\/h2>\r\n\r\n\t\t\t\t\t\t\t<div class=\"pgafu-post-categories\"><a href=\"http:\/\/archiv.szolnoktv.hu\/?cat=8\">2019<\/a><\/div>\r\n\t\t\t\t\t\t\t<div class=\"pgafu-post-date\">\r\n\t\t\t\t\t\t\t\t\t\t\t<span class=\"pgafu-time\"> <img src=\"http:\/\/archiv.szolnoktv.hu\/wp-content\/plugins\/post-grid-and-filter-ultimate\/assets\/images\/calendar.svg\" alt=\"\"> 2019.12.23. <\/span>\r\n\t\t\t\t\t\t\t\t\t<\/div>\r\n\t\t\t\t\t\t\t<div class=\"pgafu-post-content\">\r\n\t\t\t\t\t<div class=\"pgafu-post-short-content\">Megv\u00e1ltoztak a kar\u00e1csonyoz\u00e1si szok\u00e1sok is. Egyre t\u00f6bb csal\u00e1d t\u00f6lti sz\u00e1llod\u00e1ban az \u00fcnnepeket, de n\u0151 azon h\u00e1ztart\u00e1sok sz\u00e1ma is, ahol nincs...<\/div>\r\n\t\t\t\t\t\t\t\t\t\t\t<a href=\"http:\/\/archiv.szolnoktv.hu\/?p=7764\" class=\"readmorebtn\">Tov\u00e1bb \u00bb<\/a>\r\n\t\t\t\t\t\t\t\t\t<\/div>\r\n\t\t\t\t\t<\/div>\r\n\t<\/div>\r\n<\/div><div class=\"pgafu-post-grid  pgafu-medium-4 pgafu-columns  pgafu-first\">\r\n\t<div class=\"pgafu-post-grid-content no-thumb-image\">\r\n\t\t\r\n\t\t<div class=\"pgafu-content-above-image\">\r\n\t\t\t<h2 class=\"pgafu-post-title\">\r\n\t\t\t\t<a href=\"http:\/\/archiv.szolnoktv.hu\/?p=7763\">Fontos figyelmeztet\u00e9s a katasztr\u00f3fav\u00e9delemt\u0151l!<\/a>\r\n\t\t\t<\/h2>\r\n\r\n\t\t\t\t\t\t\t<div class=\"pgafu-post-categories\"><a href=\"http:\/\/archiv.szolnoktv.hu\/?cat=8\">2019<\/a><\/div>\r\n\t\t\t\t\t\t\t<div class=\"pgafu-post-date\">\r\n\t\t\t\t\t\t\t\t\t\t\t<span class=\"pgafu-time\"> <img src=\"http:\/\/archiv.szolnoktv.hu\/wp-content\/plugins\/post-grid-and-filter-ultimate\/assets\/images\/calendar.svg\" alt=\"\"> 2019.12.23. <\/span>\r\n\t\t\t\t\t\t\t\t\t<\/div>\r\n\t\t\t\t\t\t\t<div class=\"pgafu-post-content\">\r\n\t\t\t\t\t<div class=\"pgafu-post-short-content\">A kar\u00e1csonyi \u00e9g\u0151k, m\u00e9csesek, gyerty\u00e1k csak nagy k\u00f6r\u00fcltekint\u00e9ssel helyezhet\u0151k el. Fokozott \u00f3vatoss\u00e1gra int a katasztr\u00f3fav\u00e9delem a teljes \u00fcnnepi id\u0151szakban. &nbsp;<\/div>\r\n\t\t\t\t\t\t\t\t\t\t\t<a href=\"http:\/\/archiv.szolnoktv.hu\/?p=7763\" class=\"readmorebtn\">Tov\u00e1bb \u00bb<\/a>\r\n\t\t\t\t\t\t\t\t\t<\/div>\r\n\t\t\t\t\t<\/div>\r\n\t<\/div>\r\n<\/div><div class=\"pgafu-post-grid  pgafu-medium-4 pgafu-columns \">\r\n\t<div class=\"pgafu-post-grid-content no-thumb-image\">\r\n\t\t\r\n\t\t<div class=\"pgafu-content-above-image\">\r\n\t\t\t<h2 class=\"pgafu-post-title\">\r\n\t\t\t\t<a href=\"http:\/\/archiv.szolnoktv.hu\/?p=7762\">Telefonos lelkiseg\u00e9ly<\/a>\r\n\t\t\t<\/h2>\r\n\r\n\t\t\t\t\t\t\t<div class=\"pgafu-post-categories\"><a href=\"http:\/\/archiv.szolnoktv.hu\/?cat=8\">2019<\/a><\/div>\r\n\t\t\t\t\t\t\t<div class=\"pgafu-post-date\">\r\n\t\t\t\t\t\t\t\t\t\t\t<span class=\"pgafu-time\"> <img src=\"http:\/\/archiv.szolnoktv.hu\/wp-content\/plugins\/post-grid-and-filter-ultimate\/assets\/images\/calendar.svg\" alt=\"\"> 2019.12.23. <\/span>\r\n\t\t\t\t\t\t\t\t\t<\/div>\r\n\t\t\t\t\t\t\t<div class=\"pgafu-post-content\">\r\n\t\t\t\t\t<div class=\"pgafu-post-short-content\">Sz\u00e1zezer h\u00edv\u00e1s fut be \u00e9vente az orsz\u00e1g 18 Lelki Els\u0151seg\u00e9ly Telefonszolg\u00e1lat\u00e1hoz. Kar\u00e1csonyt\u00e1jt m\u00e9g t\u00f6bbsz\u00f6r cs\u00f6rren meg a telefon, az \u00fcnnep...<\/div>\r\n\t\t\t\t\t\t\t\t\t\t\t<a href=\"http:\/\/archiv.szolnoktv.hu\/?p=7762\" class=\"readmorebtn\">Tov\u00e1bb \u00bb<\/a>\r\n\t\t\t\t\t\t\t\t\t<\/div>\r\n\t\t\t\t\t<\/div>\r\n\t<\/div>\r\n<\/div><div class=\"pgafu-post-grid  pgafu-medium-4 pgafu-columns  pgafu-last\">\r\n\t<div class=\"pgafu-post-grid-content no-thumb-image\">\r\n\t\t\r\n\t\t<div class=\"pgafu-content-above-image\">\r\n\t\t\t<h2 class=\"pgafu-post-title\">\r\n\t\t\t\t<a href=\"http:\/\/archiv.szolnoktv.hu\/?p=7761\">\u00dcnnepi menetrend, \u00fcnnepi nyitva tart\u00e1s<\/a>\r\n\t\t\t<\/h2>\r\n\r\n\t\t\t\t\t\t\t<div class=\"pgafu-post-categories\"><a href=\"http:\/\/archiv.szolnoktv.hu\/?cat=8\">2019<\/a><\/div>\r\n\t\t\t\t\t\t\t<div class=\"pgafu-post-date\">\r\n\t\t\t\t\t\t\t\t\t\t\t<span class=\"pgafu-time\"> <img src=\"http:\/\/archiv.szolnoktv.hu\/wp-content\/plugins\/post-grid-and-filter-ultimate\/assets\/images\/calendar.svg\" alt=\"\"> 2019.12.23. <\/span>\r\n\t\t\t\t\t\t\t\t\t<\/div>\r\n\t\t\t\t\t\t\t<div class=\"pgafu-post-content\">\r\n\t\t\t\t\t<div class=\"pgafu-post-short-content\">\u00dcnnepi menetrend, \u00fcnnepi nyitva tart\u00e1s- Kar\u00e1csonykor \u00e9s a k\u00e9t \u00fcnnep k\u00f6z\u00f6tti utaz\u00e1s el\u0151tt \u00e9rdemes t\u00e1j\u00e9koz\u00f3dni, az \u00fczletek t\u00f6bbs\u00e9ge legk\u00f6zelebb 27-\u00e9n...<\/div>\r\n\t\t\t\t\t\t\t\t\t\t\t<a href=\"http:\/\/archiv.szolnoktv.hu\/?p=7761\" class=\"readmorebtn\">Tov\u00e1bb \u00bb<\/a>\r\n\t\t\t\t\t\t\t\t\t<\/div>\r\n\t\t\t\t\t<\/div>\r\n\t<\/div>\r\n<\/div><div class=\"pgafu-post-grid  pgafu-medium-4 pgafu-columns  pgafu-first\">\r\n\t<div class=\"pgafu-post-grid-content no-thumb-image\">\r\n\t\t\r\n\t\t<div class=\"pgafu-content-above-image\">\r\n\t\t\t<h2 class=\"pgafu-post-title\">\r\n\t\t\t\t<a href=\"http:\/\/archiv.szolnoktv.hu\/?p=7760\">Gyertyagy\u00fajt\u00e1s<\/a>\r\n\t\t\t<\/h2>\r\n\r\n\t\t\t\t\t\t\t<div class=\"pgafu-post-categories\"><a href=\"http:\/\/archiv.szolnoktv.hu\/?cat=8\">2019<\/a><\/div>\r\n\t\t\t\t\t\t\t<div class=\"pgafu-post-date\">\r\n\t\t\t\t\t\t\t\t\t\t\t<span class=\"pgafu-time\"> <img src=\"http:\/\/archiv.szolnoktv.hu\/wp-content\/plugins\/post-grid-and-filter-ultimate\/assets\/images\/calendar.svg\" alt=\"\"> 2019.12.23. <\/span>\r\n\t\t\t\t\t\t\t\t\t<\/div>\r\n\t\t\t\t\t\t\t<div class=\"pgafu-post-content\">\r\n\t\t\t\t\t<div class=\"pgafu-post-short-content\">Mind a n\u00e9gy gyertya \u00e9g a Kossuth t\u00e9ren az adventi koszor\u00fan. A szombat d\u00e9lut\u00e1ni \u00fcnnep\u00e9lyes gyertyagy\u00fajt\u00e1st a reform\u00e1tus egyh\u00e1zk\u00f6z\u00f6ss\u00e9g szervezte....<\/div>\r\n\t\t\t\t\t\t\t\t\t\t\t<a href=\"http:\/\/archiv.szolnoktv.hu\/?p=7760\" class=\"readmorebtn\">Tov\u00e1bb \u00bb<\/a>\r\n\t\t\t\t\t\t\t\t\t<\/div>\r\n\t\t\t\t\t<\/div>\r\n\t<\/div>\r\n<\/div><div class=\"pgafu-post-grid  pgafu-medium-4 pgafu-columns \">\r\n\t<div class=\"pgafu-post-grid-content no-thumb-image\">\r\n\t\t\r\n\t\t<div class=\"pgafu-content-above-image\">\r\n\t\t\t<h2 class=\"pgafu-post-title\">\r\n\t\t\t\t<a href=\"http:\/\/archiv.szolnoktv.hu\/?p=7759\">Evang\u00e9likus istentisztelet \u00e9s k\u00e1v\u00e9z\u00e1s<\/a>\r\n\t\t\t<\/h2>\r\n\r\n\t\t\t\t\t\t\t<div class=\"pgafu-post-categories\"><a href=\"http:\/\/archiv.szolnoktv.hu\/?cat=8\">2019<\/a><\/div>\r\n\t\t\t\t\t\t\t<div class=\"pgafu-post-date\">\r\n\t\t\t\t\t\t\t\t\t\t\t<span class=\"pgafu-time\"> <img src=\"http:\/\/archiv.szolnoktv.hu\/wp-content\/plugins\/post-grid-and-filter-ultimate\/assets\/images\/calendar.svg\" alt=\"\"> 2019.12.23. <\/span>\r\n\t\t\t\t\t\t\t\t\t<\/div>\r\n\t\t\t\t\t\t\t<div class=\"pgafu-post-content\">\r\n\t\t\t\t\t<div class=\"pgafu-post-short-content\">Fa\u00e1ll\u00edt\u00e1ssal \u00e9s d\u00edsz\u00edt\u00e9ssel, sz\u00fclet\u00e9snapi k\u00f6sz\u00f6nt\u00e9ssel koron\u00e1zt\u00e1k meg a vas\u00e1rnapi istentiszteletet az evang\u00e9likus templomban. Az esem\u00e9ny ut\u00e1n a hagyom\u00e1nyos k\u00f6z\u00f6s \"k\u00e1v\u00e9z\u00e1s\"...<\/div>\r\n\t\t\t\t\t\t\t\t\t\t\t<a href=\"http:\/\/archiv.szolnoktv.hu\/?p=7759\" class=\"readmorebtn\">Tov\u00e1bb \u00bb<\/a>\r\n\t\t\t\t\t\t\t\t\t<\/div>\r\n\t\t\t\t\t<\/div>\r\n\t<\/div>\r\n<\/div><div class=\"pgafu-post-grid  pgafu-medium-4 pgafu-columns  pgafu-last\">\r\n\t<div class=\"pgafu-post-grid-content no-thumb-image\">\r\n\t\t\r\n\t\t<div class=\"pgafu-content-above-image\">\r\n\t\t\t<h2 class=\"pgafu-post-title\">\r\n\t\t\t\t<a href=\"http:\/\/archiv.szolnoktv.hu\/?p=7758\">G\u00e1zrobban\u00e1s Berekf\u00fcrd\u0151n<\/a>\r\n\t\t\t<\/h2>\r\n\r\n\t\t\t\t\t\t\t<div class=\"pgafu-post-categories\"><a href=\"http:\/\/archiv.szolnoktv.hu\/?cat=8\">2019<\/a><\/div>\r\n\t\t\t\t\t\t\t<div class=\"pgafu-post-date\">\r\n\t\t\t\t\t\t\t\t\t\t\t<span class=\"pgafu-time\"> <img src=\"http:\/\/archiv.szolnoktv.hu\/wp-content\/plugins\/post-grid-and-filter-ultimate\/assets\/images\/calendar.svg\" alt=\"\"> 2019.12.20. <\/span>\r\n\t\t\t\t\t\t\t\t\t<\/div>\r\n\t\t\t\t\t\t\t<div class=\"pgafu-post-content\">\r\n\t\t\t\t\t<div class=\"pgafu-post-short-content\">H\u00e1rman s\u00e9r\u00fcltek meg abban a balesetben, ami d\u00e9lel\u0151tt t\u00f6rt\u00e9nt Berekf\u00fcrd\u0151n. A telep\u00fcl\u00e9s term\u00e1lk\u00fatj\u00e1nak egyik g\u00e1ztalan\u00edt\u00f3 berendez\u00e9se robbant f\u00f6l. A s\u00e9r\u00fclteket...<\/div>\r\n\t\t\t\t\t\t\t\t\t\t\t<a href=\"http:\/\/archiv.szolnoktv.hu\/?p=7758\" class=\"readmorebtn\">Tov\u00e1bb \u00bb<\/a>\r\n\t\t\t\t\t\t\t\t\t<\/div>\r\n\t\t\t\t\t<\/div>\r\n\t<\/div>\r\n<\/div><div class=\"pgafu-post-grid  pgafu-medium-4 pgafu-columns  pgafu-first\">\r\n\t<div class=\"pgafu-post-grid-content no-thumb-image\">\r\n\t\t\r\n\t\t<div class=\"pgafu-content-above-image\">\r\n\t\t\t<h2 class=\"pgafu-post-title\">\r\n\t\t\t\t<a href=\"http:\/\/archiv.szolnoktv.hu\/?p=7757\">Kar\u00e1csonyi \u00e1llatstop<\/a>\r\n\t\t\t<\/h2>\r\n\r\n\t\t\t\t\t\t\t<div class=\"pgafu-post-categories\"><a href=\"http:\/\/archiv.szolnoktv.hu\/?cat=8\">2019<\/a><\/div>\r\n\t\t\t\t\t\t\t<div class=\"pgafu-post-date\">\r\n\t\t\t\t\t\t\t\t\t\t\t<span class=\"pgafu-time\"> <img src=\"http:\/\/archiv.szolnoktv.hu\/wp-content\/plugins\/post-grid-and-filter-ultimate\/assets\/images\/calendar.svg\" alt=\"\"> 2019.12.20. <\/span>\r\n\t\t\t\t\t\t\t\t\t<\/div>\r\n\t\t\t\t\t\t\t<div class=\"pgafu-post-content\">\r\n\t\t\t\t\t<div class=\"pgafu-post-short-content\">A kar\u00e1csonyra kapott \u00e1llatot gyakran megunj\u00e1k az \u00faj gazdik. Kuty\u00e1t, cic\u00e1t is sz\u00e1m\u0171znek az utc\u00e1ra, de volt r\u00e1 p\u00e9lda, hogy...<\/div>\r\n\t\t\t\t\t\t\t\t\t\t\t<a href=\"http:\/\/archiv.szolnoktv.hu\/?p=7757\" class=\"readmorebtn\">Tov\u00e1bb \u00bb<\/a>\r\n\t\t\t\t\t\t\t\t\t<\/div>\r\n\t\t\t\t\t<\/div>\r\n\t<\/div>\r\n<\/div><div class=\"pgafu-post-grid  pgafu-medium-4 pgafu-columns \">\r\n\t<div class=\"pgafu-post-grid-content no-thumb-image\">\r\n\t\t\r\n\t\t<div class=\"pgafu-content-above-image\">\r\n\t\t\t<h2 class=\"pgafu-post-title\">\r\n\t\t\t\t<a href=\"http:\/\/archiv.szolnoktv.hu\/?p=7756\">V\u00e1demel\u00e9s a tavalyi zagyvar\u00e9kasi ember\u00f6l\u00e9s \u00fcgy\u00e9ben<\/a>\r\n\t\t\t<\/h2>\r\n\r\n\t\t\t\t\t\t\t<div class=\"pgafu-post-categories\"><a href=\"http:\/\/archiv.szolnoktv.hu\/?cat=8\">2019<\/a><\/div>\r\n\t\t\t\t\t\t\t<div class=\"pgafu-post-date\">\r\n\t\t\t\t\t\t\t\t\t\t\t<span class=\"pgafu-time\"> <img src=\"http:\/\/archiv.szolnoktv.hu\/wp-content\/plugins\/post-grid-and-filter-ultimate\/assets\/images\/calendar.svg\" alt=\"\"> 2019.12.20. <\/span>\r\n\t\t\t\t\t\t\t\t\t<\/div>\r\n\t\t\t\t\t\t\t<div class=\"pgafu-post-content\">\r\n\t\t\t\t\t<div class=\"pgafu-post-short-content\">A v\u00e1dhat\u00f3s\u00e1g 14 \u00e9v 3 h\u00f3nap szabads\u00e1gveszt\u00e9s kiszab\u00e1s\u00e1t ind\u00edtv\u00e1nyozta. Tavaly j\u00falius elsej\u00e9n gyilkoss\u00e1g t\u00f6rt\u00e9nt Zagyvar\u00e9kason. K\u00e9t nappal az ember\u00f6l\u00e9s ut\u00e1n...<\/div>\r\n\t\t\t\t\t\t\t\t\t\t\t<a href=\"http:\/\/archiv.szolnoktv.hu\/?p=7756\" class=\"readmorebtn\">Tov\u00e1bb \u00bb<\/a>\r\n\t\t\t\t\t\t\t\t\t<\/div>\r\n\t\t\t\t\t<\/div>\r\n\t<\/div>\r\n<\/div><div class=\"pgafu-post-grid  pgafu-medium-4 pgafu-columns  pgafu-last\">\r\n\t<div class=\"pgafu-post-grid-content no-thumb-image\">\r\n\t\t\r\n\t\t<div class=\"pgafu-content-above-image\">\r\n\t\t\t<h2 class=\"pgafu-post-title\">\r\n\t\t\t\t<a href=\"http:\/\/archiv.szolnoktv.hu\/?p=7755\">T\u00e9li sz\u00fcnet a k\u00f6zm\u0171vel\u0151d\u00e9si int\u00e9zm\u00e9nyekben<\/a>\r\n\t\t\t<\/h2>\r\n\r\n\t\t\t\t\t\t\t<div class=\"pgafu-post-categories\"><a href=\"http:\/\/archiv.szolnoktv.hu\/?cat=8\">2019<\/a><\/div>\r\n\t\t\t\t\t\t\t<div class=\"pgafu-post-date\">\r\n\t\t\t\t\t\t\t\t\t\t\t<span class=\"pgafu-time\"> <img src=\"http:\/\/archiv.szolnoktv.hu\/wp-content\/plugins\/post-grid-and-filter-ultimate\/assets\/images\/calendar.svg\" alt=\"\"> 2019.12.20. <\/span>\r\n\t\t\t\t\t\t\t\t\t<\/div>\r\n\t\t\t\t\t\t\t<div class=\"pgafu-post-content\">\r\n\t\t\t\t\t<div class=\"pgafu-post-short-content\">Az \u00fcnnepi nagy\u00fczem tal\u00e1n m\u00e9g csak most, az \u00e9v utols\u00f3 el\u0151tti h\u00e9tv\u00e9g\u00e9j\u00e9n kezd\u0151dik a csal\u00e1dokn\u00e1l: utols\u00f3 el\u0151tti pillanatos aj\u00e1nd\u00e9kv\u00e1s\u00e1rl\u00e1s, a...<\/div>\r\n\t\t\t\t\t\t\t\t\t\t\t<a href=\"http:\/\/archiv.szolnoktv.hu\/?p=7755\" class=\"readmorebtn\">Tov\u00e1bb \u00bb<\/a>\r\n\t\t\t\t\t\t\t\t\t<\/div>\r\n\t\t\t\t\t<\/div>\r\n\t<\/div>\r\n<\/div><div class=\"pgafu-post-grid  pgafu-medium-4 pgafu-columns  pgafu-first\">\r\n\t<div class=\"pgafu-post-grid-content no-thumb-image\">\r\n\t\t\r\n\t\t<div class=\"pgafu-content-above-image\">\r\n\t\t\t<h2 class=\"pgafu-post-title\">\r\n\t\t\t\t<a href=\"http:\/\/archiv.szolnoktv.hu\/?p=7754\">Boldog kar\u00e1csonyt! J\u00f3t\u00e9konys\u00e1gi m\u0171sor \u00c1d\u00e1m Ati\u00e9rt<\/a>\r\n\t\t\t<\/h2>\r\n\r\n\t\t\t\t\t\t\t<div class=\"pgafu-post-categories\"><a href=\"http:\/\/archiv.szolnoktv.hu\/?cat=8\">2019<\/a><\/div>\r\n\t\t\t\t\t\t\t<div class=\"pgafu-post-date\">\r\n\t\t\t\t\t\t\t\t\t\t\t<span class=\"pgafu-time\"> <img src=\"http:\/\/archiv.szolnoktv.hu\/wp-content\/plugins\/post-grid-and-filter-ultimate\/assets\/images\/calendar.svg\" alt=\"\"> 2019.12.20. <\/span>\r\n\t\t\t\t\t\t\t\t\t<\/div>\r\n\t\t\t\t\t\t\t<div class=\"pgafu-post-content\">\r\n\t\t\t\t\t<div class=\"pgafu-post-short-content\">Boldog kar\u00e1csonyt! J\u00f3t\u00e9konys\u00e1gi m\u0171sor \u00c1d\u00e1m Ati\u00e9rt. Ez a c\u00edme a Szolnok Telev\u00edzi\u00f3 kar\u00e1csonyi m\u0171sor\u00e1nak, mellyel szerkeszt\u0151s\u00e9g\u00fcnk a ritka betegs\u00e9gben szenved\u0151...<\/div>\r\n\t\t\t\t\t\t\t\t\t\t\t<a href=\"http:\/\/archiv.szolnoktv.hu\/?p=7754\" class=\"readmorebtn\">Tov\u00e1bb \u00bb<\/a>\r\n\t\t\t\t\t\t\t\t\t<\/div>\r\n\t\t\t\t\t<\/div>\r\n\t<\/div>\r\n<\/div><div class=\"pgafu-post-grid  pgafu-medium-4 pgafu-columns \">\r\n\t<div class=\"pgafu-post-grid-content no-thumb-image\">\r\n\t\t\r\n\t\t<div class=\"pgafu-content-above-image\">\r\n\t\t\t<h2 class=\"pgafu-post-title\">\r\n\t\t\t\t<a href=\"http:\/\/archiv.szolnoktv.hu\/?p=7753\">2020. nyar\u00e1ra befejez\u0151dik a beruh\u00e1z\u00e1s.<\/a>\r\n\t\t\t<\/h2>\r\n\r\n\t\t\t\t\t\t\t<div class=\"pgafu-post-categories\"><a href=\"http:\/\/archiv.szolnoktv.hu\/?cat=8\">2019<\/a><\/div>\r\n\t\t\t\t\t\t\t<div class=\"pgafu-post-date\">\r\n\t\t\t\t\t\t\t\t\t\t\t<span class=\"pgafu-time\"> <img src=\"http:\/\/archiv.szolnoktv.hu\/wp-content\/plugins\/post-grid-and-filter-ultimate\/assets\/images\/calendar.svg\" alt=\"\"> 2019.12.20. <\/span>\r\n\t\t\t\t\t\t\t\t\t<\/div>\r\n\t\t\t\t\t\t\t<div class=\"pgafu-post-content\">\r\n\t\t\t\t\t<div class=\"pgafu-post-short-content\">T\u00e9li sz\u00fcnet a kivitelez\u00e9sben. \u00dctemterv szerint haladt, janu\u00e1rban pedig folytat\u00f3dik az E\u00f6tv\u00f6s t\u00e9ri, volt Id\u0151sek otthona \u00e9p\u00fclet\u00e9nek \u00e1talak\u00edt\u00e1sa. J\u00f6v\u0151 ny\u00e1ron...<\/div>\r\n\t\t\t\t\t\t\t\t\t\t\t<a href=\"http:\/\/archiv.szolnoktv.hu\/?p=7753\" class=\"readmorebtn\">Tov\u00e1bb \u00bb<\/a>\r\n\t\t\t\t\t\t\t\t\t<\/div>\r\n\t\t\t\t\t<\/div>\r\n\t<\/div>\r\n<\/div><div class=\"pgafu-post-grid  pgafu-medium-4 pgafu-columns  pgafu-last\">\r\n\t<div class=\"pgafu-post-grid-content no-thumb-image\">\r\n\t\t\r\n\t\t<div class=\"pgafu-content-above-image\">\r\n\t\t\t<h2 class=\"pgafu-post-title\">\r\n\t\t\t\t<a href=\"http:\/\/archiv.szolnoktv.hu\/?p=7752\">\u00daj j\u00e1rm\u0171vet kapott a zagyvar\u00e9kasi \u00f6nk\u00e9ntes t\u0171zolt\u00f3s\u00e1g<\/a>\r\n\t\t\t<\/h2>\r\n\r\n\t\t\t\t\t\t\t<div class=\"pgafu-post-categories\"><a href=\"http:\/\/archiv.szolnoktv.hu\/?cat=8\">2019<\/a><\/div>\r\n\t\t\t\t\t\t\t<div class=\"pgafu-post-date\">\r\n\t\t\t\t\t\t\t\t\t\t\t<span class=\"pgafu-time\"> <img src=\"http:\/\/archiv.szolnoktv.hu\/wp-content\/plugins\/post-grid-and-filter-ultimate\/assets\/images\/calendar.svg\" alt=\"\"> 2019.12.20. <\/span>\r\n\t\t\t\t\t\t\t\t\t<\/div>\r\n\t\t\t\t\t\t\t<div class=\"pgafu-post-content\">\r\n\t\t\t\t\t<div class=\"pgafu-post-short-content\">T\u00f6bb mint 40 milli\u00f3 forint \u00e9rt\u00e9kben adtak \u00e1t katasztr\u00f3fav\u00e9delmi feladatok ell\u00e1t\u00e1s\u00e1hoz sz\u00fcks\u00e9ges j\u00e1rm\u0171veket december 18-\u00e1n Budapesten \u00f6nk\u00e9ntes szervezeteknek. A zagyvar\u00e9kasi...<\/div>\r\n\t\t\t\t\t\t\t\t\t\t\t<a href=\"http:\/\/archiv.szolnoktv.hu\/?p=7752\" class=\"readmorebtn\">Tov\u00e1bb \u00bb<\/a>\r\n\t\t\t\t\t\t\t\t\t<\/div>\r\n\t\t\t\t\t<\/div>\r\n\t<\/div>\r\n<\/div><div class=\"pgafu-post-grid  pgafu-medium-4 pgafu-columns  pgafu-first\">\r\n\t<div class=\"pgafu-post-grid-content no-thumb-image\">\r\n\t\t\r\n\t\t<div class=\"pgafu-content-above-image\">\r\n\t\t\t<h2 class=\"pgafu-post-title\">\r\n\t\t\t\t<a href=\"http:\/\/archiv.szolnoktv.hu\/?p=7751\">Megviseli szervezet\u00fcnket az enyhe t\u00e9l<\/a>\r\n\t\t\t<\/h2>\r\n\r\n\t\t\t\t\t\t\t<div class=\"pgafu-post-categories\"><a href=\"http:\/\/archiv.szolnoktv.hu\/?cat=8\">2019<\/a><\/div>\r\n\t\t\t\t\t\t\t<div class=\"pgafu-post-date\">\r\n\t\t\t\t\t\t\t\t\t\t\t<span class=\"pgafu-time\"> <img src=\"http:\/\/archiv.szolnoktv.hu\/wp-content\/plugins\/post-grid-and-filter-ultimate\/assets\/images\/calendar.svg\" alt=\"\"> 2019.12.20. <\/span>\r\n\t\t\t\t\t\t\t\t\t<\/div>\r\n\t\t\t\t\t\t\t<div class=\"pgafu-post-content\">\r\n\t\t\t\t\t<div class=\"pgafu-post-short-content\">Migr\u00e9n, fesz\u00fclts\u00e9g, rossz k\u00f6z\u00e9rzet, \u00edz\u00fcleti panaszok, v\u00e1rnyom\u00e1s probl\u00e9m\u00e1k. A szokatlanul enyhe t\u00e9l sokakn\u00e1l okoz k\u00f6z\u00e9rzeti , s\u0151t ak\u00e1r szervi panaszokat...<\/div>\r\n\t\t\t\t\t\t\t\t\t\t\t<a href=\"http:\/\/archiv.szolnoktv.hu\/?p=7751\" class=\"readmorebtn\">Tov\u00e1bb \u00bb<\/a>\r\n\t\t\t\t\t\t\t\t\t<\/div>\r\n\t\t\t\t\t<\/div>\r\n\t<\/div>\r\n<\/div><div class=\"pgafu-post-grid  pgafu-medium-4 pgafu-columns \">\r\n\t<div class=\"pgafu-post-grid-content no-thumb-image\">\r\n\t\t\r\n\t\t<div class=\"pgafu-content-above-image\">\r\n\t\t\t<h2 class=\"pgafu-post-title\">\r\n\t\t\t\t<a href=\"http:\/\/archiv.szolnoktv.hu\/?p=7750\">\u00c9rt\u00e9kelt a Fidesz \u00e9s a KDNP is<\/a>\r\n\t\t\t<\/h2>\r\n\r\n\t\t\t\t\t\t\t<div class=\"pgafu-post-categories\"><a href=\"http:\/\/archiv.szolnoktv.hu\/?cat=8\">2019<\/a><\/div>\r\n\t\t\t\t\t\t\t<div class=\"pgafu-post-date\">\r\n\t\t\t\t\t\t\t\t\t\t\t<span class=\"pgafu-time\"> <img src=\"http:\/\/archiv.szolnoktv.hu\/wp-content\/plugins\/post-grid-and-filter-ultimate\/assets\/images\/calendar.svg\" alt=\"\"> 2019.12.19. <\/span>\r\n\t\t\t\t\t\t\t\t\t<\/div>\r\n\t\t\t\t\t\t\t<div class=\"pgafu-post-content\">\r\n\t\t\t\t\t<div class=\"pgafu-post-short-content\">A k\u00f6zgy\u0171l\u00e9s Fidesz \u00e9s KDNP frakci\u00f3ja is sajt\u00f3t\u00e1j\u00e9koztat\u00f3n \u00e9rt\u00e9kelte a test\u00fclet d\u00f6nt\u00e9seit. A h\u00e1rom t\u00e1rgyalt t\u00e9ma k\u00f6z\u00fcl a leghangs\u00falyosabb a...<\/div>\r\n\t\t\t\t\t\t\t\t\t\t\t<a href=\"http:\/\/archiv.szolnoktv.hu\/?p=7750\" class=\"readmorebtn\">Tov\u00e1bb \u00bb<\/a>\r\n\t\t\t\t\t\t\t\t\t<\/div>\r\n\t\t\t\t\t<\/div>\r\n\t<\/div>\r\n<\/div><div class=\"pgafu-post-grid  pgafu-medium-4 pgafu-columns  pgafu-last\">\r\n\t<div class=\"pgafu-post-grid-content no-thumb-image\">\r\n\t\t\r\n\t\t<div class=\"pgafu-content-above-image\">\r\n\t\t\t<h2 class=\"pgafu-post-title\">\r\n\t\t\t\t<a href=\"http:\/\/archiv.szolnoktv.hu\/?p=7749\">Vezsenyi adom\u00e1nyoz\u00e1s<\/a>\r\n\t\t\t<\/h2>\r\n\r\n\t\t\t\t\t\t\t<div class=\"pgafu-post-categories\"><a href=\"http:\/\/archiv.szolnoktv.hu\/?cat=8\">2019<\/a><\/div>\r\n\t\t\t\t\t\t\t<div class=\"pgafu-post-date\">\r\n\t\t\t\t\t\t\t\t\t\t\t<span class=\"pgafu-time\"> <img src=\"http:\/\/archiv.szolnoktv.hu\/wp-content\/plugins\/post-grid-and-filter-ultimate\/assets\/images\/calendar.svg\" alt=\"\"> 2019.12.19. <\/span>\r\n\t\t\t\t\t\t\t\t\t<\/div>\r\n\t\t\t\t\t\t\t<div class=\"pgafu-post-content\">\r\n\t\t\t\t\t<div class=\"pgafu-post-short-content\">K\u00f6zel 90 vezsenyi csal\u00e1dnak seg\u00edtett az \u00fcnnepek el\u0151tt a Fidesz szolnoki szervezete. A p\u00e1rt a kar\u00e1csonyi akci\u00f3val m\u00e1r t\u00f6bb mint...<\/div>\r\n\t\t\t\t\t\t\t\t\t\t\t<a href=\"http:\/\/archiv.szolnoktv.hu\/?p=7749\" class=\"readmorebtn\">Tov\u00e1bb \u00bb<\/a>\r\n\t\t\t\t\t\t\t\t\t<\/div>\r\n\t\t\t\t\t<\/div>\r\n\t<\/div>\r\n<\/div><div class=\"pgafu-post-grid  pgafu-medium-4 pgafu-columns  pgafu-first\">\r\n\t<div class=\"pgafu-post-grid-content no-thumb-image\">\r\n\t\t\r\n\t\t<div class=\"pgafu-content-above-image\">\r\n\t\t\t<h2 class=\"pgafu-post-title\">\r\n\t\t\t\t<a href=\"http:\/\/archiv.szolnoktv.hu\/?p=7748\">Elfogadt\u00e1k az \u00fczleti tervet<\/a>\r\n\t\t\t<\/h2>\r\n\r\n\t\t\t\t\t\t\t<div class=\"pgafu-post-categories\"><a href=\"http:\/\/archiv.szolnoktv.hu\/?cat=8\">2019<\/a><\/div>\r\n\t\t\t\t\t\t\t<div class=\"pgafu-post-date\">\r\n\t\t\t\t\t\t\t\t\t\t\t<span class=\"pgafu-time\"> <img src=\"http:\/\/archiv.szolnoktv.hu\/wp-content\/plugins\/post-grid-and-filter-ultimate\/assets\/images\/calendar.svg\" alt=\"\"> 2019.12.19. <\/span>\r\n\t\t\t\t\t\t\t\t\t<\/div>\r\n\t\t\t\t\t\t\t<div class=\"pgafu-post-content\">\r\n\t\t\t\t\t<div class=\"pgafu-post-short-content\">A k\u00f6zgy\u0171l\u00e9s kora d\u00e9lut\u00e1n befejezte munk\u00e1j\u00e1t, de a k\u00e9pvisel\u0151csoportok nem. A test\u00fcleti \u00fcl\u00e9st mindk\u00e9t frakci\u00f3 \u00e9rt\u00e9kelte. A Szolnoki T\u00f6bbs\u00e9g a...<\/div>\r\n\t\t\t\t\t\t\t\t\t\t\t<a href=\"http:\/\/archiv.szolnoktv.hu\/?p=7748\" class=\"readmorebtn\">Tov\u00e1bb \u00bb<\/a>\r\n\t\t\t\t\t\t\t\t\t<\/div>\r\n\t\t\t\t\t<\/div>\r\n\t<\/div>\r\n<\/div><div class=\"pgafu-post-grid  pgafu-medium-4 pgafu-columns \">\r\n\t<div class=\"pgafu-post-grid-content no-thumb-image\">\r\n\t\t\r\n\t\t<div class=\"pgafu-content-above-image\">\r\n\t\t\t<h2 class=\"pgafu-post-title\">\r\n\t\t\t\t<a href=\"http:\/\/archiv.szolnoktv.hu\/?p=7747\">Egymilli\u00f3 forint \u00c1d\u00e1m Ati gy\u00f3gyul\u00e1s\u00e1ra a K\u00f6zgy\u0171l\u00e9st\u0151l<\/a>\r\n\t\t\t<\/h2>\r\n\r\n\t\t\t\t\t\t\t<div class=\"pgafu-post-categories\"><a href=\"http:\/\/archiv.szolnoktv.hu\/?cat=8\">2019<\/a><\/div>\r\n\t\t\t\t\t\t\t<div class=\"pgafu-post-date\">\r\n\t\t\t\t\t\t\t\t\t\t\t<span class=\"pgafu-time\"> <img src=\"http:\/\/archiv.szolnoktv.hu\/wp-content\/plugins\/post-grid-and-filter-ultimate\/assets\/images\/calendar.svg\" alt=\"\"> 2019.12.19. <\/span>\r\n\t\t\t\t\t\t\t\t\t<\/div>\r\n\t\t\t\t\t\t\t<div class=\"pgafu-post-content\">\r\n\t\t\t\t\t<div class=\"pgafu-post-short-content\">Mi lesz a sorsa az E\u00f6tv\u00f6s t\u00e9ri v\u00edztoronynak? -tette fel a k\u00e9rd\u00e9st a K\u00f6zgy\u0171l\u00e9sen napirend el\u0151tt Miskolczi L\u00e1szl\u00f3 a DK...<\/div>\r\n\t\t\t\t\t\t\t\t\t\t\t<a href=\"http:\/\/archiv.szolnoktv.hu\/?p=7747\" class=\"readmorebtn\">Tov\u00e1bb \u00bb<\/a>\r\n\t\t\t\t\t\t\t\t\t<\/div>\r\n\t\t\t\t\t<\/div>\r\n\t<\/div>\r\n<\/div><div class=\"pgafu-post-grid  pgafu-medium-4 pgafu-columns  pgafu-last\">\r\n\t<div class=\"pgafu-post-grid-content no-thumb-image\">\r\n\t\t\r\n\t\t<div class=\"pgafu-content-above-image\">\r\n\t\t\t<h2 class=\"pgafu-post-title\">\r\n\t\t\t\t<a href=\"http:\/\/archiv.szolnoktv.hu\/?p=7746\">K\u00ednai-szolnoki oktat\u00e1si egy\u00fcttm\u0171k\u00f6d\u00e9si meg\u00e1llapod\u00e1s<\/a>\r\n\t\t\t<\/h2>\r\n\r\n\t\t\t\t\t\t\t<div class=\"pgafu-post-categories\"><a href=\"http:\/\/archiv.szolnoktv.hu\/?cat=8\">2019<\/a><\/div>\r\n\t\t\t\t\t\t\t<div class=\"pgafu-post-date\">\r\n\t\t\t\t\t\t\t\t\t\t\t<span class=\"pgafu-time\"> <img src=\"http:\/\/archiv.szolnoktv.hu\/wp-content\/plugins\/post-grid-and-filter-ultimate\/assets\/images\/calendar.svg\" alt=\"\"> 2019.12.19. <\/span>\r\n\t\t\t\t\t\t\t\t\t<\/div>\r\n\t\t\t\t\t\t\t<div class=\"pgafu-post-content\">\r\n\t\t\t\t\t<div class=\"pgafu-post-short-content\">K\u00ednai di\u00e1kok l\u00e1togathatnak tanulm\u00e1nyutak keret\u00e9ben a j\u00f6v\u0151ben Szolnokra. Az egy\u00fcttm\u0171k\u00f6d\u00e9s kereteit szab\u00e1lyoz\u00f3 meg\u00e1llapod\u00e1st d\u00e9lut\u00e1n \u00edrta al\u00e1 a k\u00ednai oktat\u00e1si hivatal...<\/div>\r\n\t\t\t\t\t\t\t\t\t\t\t<a href=\"http:\/\/archiv.szolnoktv.hu\/?p=7746\" class=\"readmorebtn\">Tov\u00e1bb \u00bb<\/a>\r\n\t\t\t\t\t\t\t\t\t<\/div>\r\n\t\t\t\t\t<\/div>\r\n\t<\/div>\r\n<\/div>\r\n\t\t\t\t\t\t\t<div class=\"pgafu-post-pagination pgafu-clearfix\">\r\n\t\t\t\t\t<span aria-current=\"page\" class=\"page-numbers current\">1<\/span>\n<a class=\"page-numbers\" href=\"http:\/\/archiv.szolnoktv.hu\/index.php?rest_route=%2Fwp%2Fv2%2Fpages%2F6062&#038;paged=2\">2<\/a>\n<a class=\"page-numbers\" href=\"http:\/\/archiv.szolnoktv.hu\/index.php?rest_route=%2Fwp%2Fv2%2Fpages%2F6062&#038;paged=3\">3<\/a>\n<span class=\"page-numbers dots\">&hellip;<\/span>\n<a class=\"page-numbers\" href=\"http:\/\/archiv.szolnoktv.hu\/index.php?rest_route=%2Fwp%2Fv2%2Fpages%2F6062&#038;paged=29\">29<\/a>\n<a class=\"next page-numbers\" href=\"http:\/\/archiv.szolnoktv.hu\/index.php?rest_route=%2Fwp%2Fv2%2Fpages%2F6062&#038;paged=2\">K\u00f6vetkez\u0151 \u00bb<\/a>\t\t\t\t<\/div>\r\n\t\t\t\r\n\t\t<\/div>\r\n\r\n\t\t\n","protected":false},"excerpt":{"rendered":"","protected":false},"author":1,"featured_media":0,"parent":0,"menu_order":0,"comment_status":"closed","ping_status":"closed","template":"","meta":[],"_links":{"self":[{"href":"http:\/\/archiv.szolnoktv.hu\/index.php?rest_route=\/wp\/v2\/pages\/6062"}],"collection":[{"href":"http:\/\/archiv.szolnoktv.hu\/index.php?rest_route=\/wp\/v2\/pages"}],"about":[{"href":"http:\/\/archiv.szolnoktv.hu\/index.php?rest_route=\/wp\/v2\/types\/page"}],"author":[{"embeddable":true,"href":"http:\/\/archiv.szolnoktv.hu\/index.php?rest_route=\/wp\/v2\/users\/1"}],"replies":[{"embeddable":true,"href":"http:\/\/archiv.szolnoktv.hu\/index.php?rest_route=%2Fwp%2Fv2%2Fcomments&post=6062"}],"version-history":[{"count":1,"href":"http:\/\/archiv.szolnoktv.hu\/index.php?rest_route=\/wp\/v2\/pages\/6062\/revisions"}],"predecessor-version":[{"id":6063,"href":"http:\/\/archiv.szolnoktv.hu\/index.php?rest_route=\/wp\/v2\/pages\/6062\/revisions\/6063"}],"wp:attachment":[{"href":"http:\/\/archiv.szolnoktv.hu\/index.php?rest_route=%2Fwp%2Fv2%2Fmedia&parent=6062"}],"curies":[{"name":"wp","href":"https:\/\/api.w.org\/{rel}","templated":true}]}}