{"id":30182,"date":"2021-11-17T11:02:01","date_gmt":"2021-11-17T11:02:01","guid":{"rendered":"http:\/\/archiv.szolnoktv.hu\/?page_id=30182"},"modified":"2021-11-17T11:02:01","modified_gmt":"2021-11-17T11:02:01","slug":"2008-2","status":"publish","type":"page","link":"http:\/\/archiv.szolnoktv.hu\/?page_id=30182","title":{"rendered":"2008"},"content":{"rendered":"\t\t<div class=\"pgafu-post-grid-main pgafu-design-2 pgafu-image-fit pgafu-grid-3 pgafu-clearfix \">\r\n\t\t\t<div class=\"pgafu-post-grid  pgafu-medium-4 pgafu-columns  pgafu-first\">\r\n\t<div class=\"pgafu-post-grid-content no-thumb-image\">\r\n\t\t\r\n\t\t<div class=\"pgafu-content-above-image\">\r\n\t\t\t<h2 class=\"pgafu-post-title\">\r\n\t\t\t\t<a href=\"http:\/\/archiv.szolnoktv.hu\/?p=33231\">Kar\u00e1csonyf\u00e1k elsz\u00e1ll\u00edt\u00e1sa<\/a>\r\n\t\t\t<\/h2>\r\n\r\n\t\t\t\t\t\t\t<div class=\"pgafu-post-categories\"><a href=\"http:\/\/archiv.szolnoktv.hu\/?cat=24\">2008<\/a><\/div>\r\n\t\t\t\t\t\t\t<div class=\"pgafu-post-date\">\r\n\t\t\t\t\t\t\t\t\t\t\t<span class=\"pgafu-time\"> <img src=\"http:\/\/archiv.szolnoktv.hu\/wp-content\/plugins\/post-grid-and-filter-ultimate\/assets\/images\/calendar.svg\" alt=\"\"> 2008.12.29. <\/span>\r\n\t\t\t\t\t\t\t\t\t<\/div>\r\n\t\t\t\t\t\t\t<div class=\"pgafu-post-content\">\r\n\t\t\t\t\t<div class=\"pgafu-post-short-content\">Alig, hogy v\u00e9ge lett a kar\u00e1csonynak, egy-k\u00e9t helyen m\u00e1r kidobt\u00e1k a feny\u0151f\u00e1t. A legt\u00f6bben azonban csak janu\u00e1rban v\u00e1lnak meg az...<\/div>\r\n\t\t\t\t\t\t\t\t\t\t\t<a href=\"http:\/\/archiv.szolnoktv.hu\/?p=33231\" class=\"readmorebtn\">Tov\u00e1bb \u00bb<\/a>\r\n\t\t\t\t\t\t\t\t\t<\/div>\r\n\t\t\t\t\t<\/div>\r\n\t<\/div>\r\n<\/div><div class=\"pgafu-post-grid  pgafu-medium-4 pgafu-columns \">\r\n\t<div class=\"pgafu-post-grid-content no-thumb-image\">\r\n\t\t\r\n\t\t<div class=\"pgafu-content-above-image\">\r\n\t\t\t<h2 class=\"pgafu-post-title\">\r\n\t\t\t\t<a href=\"http:\/\/archiv.szolnoktv.hu\/?p=33230\">G\u00e1z\u00e1rt\u00e1mogat\u00e1s<\/a>\r\n\t\t\t<\/h2>\r\n\r\n\t\t\t\t\t\t\t<div class=\"pgafu-post-categories\"><a href=\"http:\/\/archiv.szolnoktv.hu\/?cat=24\">2008<\/a><\/div>\r\n\t\t\t\t\t\t\t<div class=\"pgafu-post-date\">\r\n\t\t\t\t\t\t\t\t\t\t\t<span class=\"pgafu-time\"> <img src=\"http:\/\/archiv.szolnoktv.hu\/wp-content\/plugins\/post-grid-and-filter-ultimate\/assets\/images\/calendar.svg\" alt=\"\"> 2008.12.29. <\/span>\r\n\t\t\t\t\t\t\t\t\t<\/div>\r\n\t\t\t\t\t\t\t<div class=\"pgafu-post-content\">\r\n\t\t\t\t\t<div class=\"pgafu-post-short-content\">A roham ugyan csak ezut\u00e1n v\u00e1rhat\u00f3, \u00edgy is sokan haszn\u00e1lj\u00e1k ki a k\u00e9t \u00fcnnep k\u00f6zti id\u0151szakot a g\u00e1z\u00e1r- \u00e9s t\u00e1vh\u0151t\u00e1mogat\u00e1si...<\/div>\r\n\t\t\t\t\t\t\t\t\t\t\t<a href=\"http:\/\/archiv.szolnoktv.hu\/?p=33230\" class=\"readmorebtn\">Tov\u00e1bb \u00bb<\/a>\r\n\t\t\t\t\t\t\t\t\t<\/div>\r\n\t\t\t\t\t<\/div>\r\n\t<\/div>\r\n<\/div><div class=\"pgafu-post-grid  pgafu-medium-4 pgafu-columns  pgafu-last\">\r\n\t<div class=\"pgafu-post-grid-content no-thumb-image\">\r\n\t\t\r\n\t\t<div class=\"pgafu-content-above-image\">\r\n\t\t\t<h2 class=\"pgafu-post-title\">\r\n\t\t\t\t<a href=\"http:\/\/archiv.szolnoktv.hu\/?p=33229\">Nyugodt \u00fcnnep<\/a>\r\n\t\t\t<\/h2>\r\n\r\n\t\t\t\t\t\t\t<div class=\"pgafu-post-categories\"><a href=\"http:\/\/archiv.szolnoktv.hu\/?cat=24\">2008<\/a><\/div>\r\n\t\t\t\t\t\t\t<div class=\"pgafu-post-date\">\r\n\t\t\t\t\t\t\t\t\t\t\t<span class=\"pgafu-time\"> <img src=\"http:\/\/archiv.szolnoktv.hu\/wp-content\/plugins\/post-grid-and-filter-ultimate\/assets\/images\/calendar.svg\" alt=\"\"> 2008.12.29. <\/span>\r\n\t\t\t\t\t\t\t\t\t<\/div>\r\n\t\t\t\t\t\t\t<div class=\"pgafu-post-content\">\r\n\t\t\t\t\t<div class=\"pgafu-post-short-content\">Rosszull\u00e9t, kih\u0171l\u00e9s, t\u0171zeset. Ezek voltak a leggyakoribb balesetek az \u00fcnnepek alatt, amelyekhez a ment\u0151k, illetve t\u0171zolt\u00f3k seg\u00edts\u00e9g\u00e9t k\u00e9rte a lakoss\u00e1g....<\/div>\r\n\t\t\t\t\t\t\t\t\t\t\t<a href=\"http:\/\/archiv.szolnoktv.hu\/?p=33229\" class=\"readmorebtn\">Tov\u00e1bb \u00bb<\/a>\r\n\t\t\t\t\t\t\t\t\t<\/div>\r\n\t\t\t\t\t<\/div>\r\n\t<\/div>\r\n<\/div><div class=\"pgafu-post-grid  pgafu-medium-4 pgafu-columns  pgafu-first\">\r\n\t<div class=\"pgafu-post-grid-content no-thumb-image\">\r\n\t\t\r\n\t\t<div class=\"pgafu-content-above-image\">\r\n\t\t\t<h2 class=\"pgafu-post-title\">\r\n\t\t\t\t<a href=\"http:\/\/archiv.szolnoktv.hu\/?p=33228\">V\u00f6r\u00f6skereszt kar\u00e1csonyi adom\u00e1ny<br><\/a>\r\n\t\t\t<\/h2>\r\n\r\n\t\t\t\t\t\t\t<div class=\"pgafu-post-categories\"><a href=\"http:\/\/archiv.szolnoktv.hu\/?cat=24\">2008<\/a><\/div>\r\n\t\t\t\t\t\t\t<div class=\"pgafu-post-date\">\r\n\t\t\t\t\t\t\t\t\t\t\t<span class=\"pgafu-time\"> <img src=\"http:\/\/archiv.szolnoktv.hu\/wp-content\/plugins\/post-grid-and-filter-ultimate\/assets\/images\/calendar.svg\" alt=\"\"> 2008.12.25. <\/span>\r\n\t\t\t\t\t\t\t\t\t<\/div>\r\n\t\t\t\t\t\t\t<div class=\"pgafu-post-content\">\r\n\t\t\t\t\t<div class=\"pgafu-post-short-content\">Egy\u00fctt a nagy csal\u00e1d. J\u00e1t\u00e9kokat, ruhanem\u0171t \u00e9s tart\u00f3s \u00e9lelmiszereket osztott ki a V\u00f6r\u00f6skereszt a nyilv\u00e1ntart\u00e1s\u00e1ban szerepl\u0151 nagycsal\u00e1dok sz\u00e1m\u00e1ra. 60 megh\u00edv\u00f3t...<\/div>\r\n\t\t\t\t\t\t\t\t\t\t\t<a href=\"http:\/\/archiv.szolnoktv.hu\/?p=33228\" class=\"readmorebtn\">Tov\u00e1bb \u00bb<\/a>\r\n\t\t\t\t\t\t\t\t\t<\/div>\r\n\t\t\t\t\t<\/div>\r\n\t<\/div>\r\n<\/div><div class=\"pgafu-post-grid  pgafu-medium-4 pgafu-columns \">\r\n\t<div class=\"pgafu-post-grid-content no-thumb-image\">\r\n\t\t\r\n\t\t<div class=\"pgafu-content-above-image\">\r\n\t\t\t<h2 class=\"pgafu-post-title\">\r\n\t\t\t\t<a href=\"http:\/\/archiv.szolnoktv.hu\/?p=33227\">Csomagoszt\u00e1s a M\u00e1ltai Szeretetszolg\u00e1latn\u00e1l<br><\/a>\r\n\t\t\t<\/h2>\r\n\r\n\t\t\t\t\t\t\t<div class=\"pgafu-post-categories\"><a href=\"http:\/\/archiv.szolnoktv.hu\/?cat=24\">2008<\/a><\/div>\r\n\t\t\t\t\t\t\t<div class=\"pgafu-post-date\">\r\n\t\t\t\t\t\t\t\t\t\t\t<span class=\"pgafu-time\"> <img src=\"http:\/\/archiv.szolnoktv.hu\/wp-content\/plugins\/post-grid-and-filter-ultimate\/assets\/images\/calendar.svg\" alt=\"\"> 2008.12.25. <\/span>\r\n\t\t\t\t\t\t\t\t\t<\/div>\r\n\t\t\t\t\t\t\t<div class=\"pgafu-post-content\">\r\n\t\t\t\t\t<div class=\"pgafu-post-short-content\">Seg\u00edts\u00e9g a r\u00e1szorul\u00f3knak. A Magyar M\u00e1ltai Szeretetszolg\u00e1lat Szolnoki Csoportja \u00e9vr\u0151l \u00e9vre gy\u0171jt tart\u00f3s \u00e9lelmiszert nagycsal\u00e1dosoknak, id\u0151seknek. A neh\u00e9z gazdas\u00e1gi helyzet...<\/div>\r\n\t\t\t\t\t\t\t\t\t\t\t<a href=\"http:\/\/archiv.szolnoktv.hu\/?p=33227\" class=\"readmorebtn\">Tov\u00e1bb \u00bb<\/a>\r\n\t\t\t\t\t\t\t\t\t<\/div>\r\n\t\t\t\t\t<\/div>\r\n\t<\/div>\r\n<\/div><div class=\"pgafu-post-grid  pgafu-medium-4 pgafu-columns  pgafu-last\">\r\n\t<div class=\"pgafu-post-grid-content no-thumb-image\">\r\n\t\t\r\n\t\t<div class=\"pgafu-content-above-image\">\r\n\t\t\t<h2 class=\"pgafu-post-title\">\r\n\t\t\t\t<a href=\"http:\/\/archiv.szolnoktv.hu\/?p=33226\">Busszal menn\u00e9nek a szt\u00e1jk miatt Pestre a szolnoki ing\u00e1z\u00f3k<br><\/a>\r\n\t\t\t<\/h2>\r\n\r\n\t\t\t\t\t\t\t<div class=\"pgafu-post-categories\"><a href=\"http:\/\/archiv.szolnoktv.hu\/?cat=24\">2008<\/a><\/div>\r\n\t\t\t\t\t\t\t<div class=\"pgafu-post-date\">\r\n\t\t\t\t\t\t\t\t\t\t\t<span class=\"pgafu-time\"> <img src=\"http:\/\/archiv.szolnoktv.hu\/wp-content\/plugins\/post-grid-and-filter-ultimate\/assets\/images\/calendar.svg\" alt=\"\"> 2008.12.25. <\/span>\r\n\t\t\t\t\t\t\t\t\t<\/div>\r\n\t\t\t\t\t\t\t<div class=\"pgafu-post-content\">\r\n\t\t\t\t\t<div class=\"pgafu-post-short-content\">Civil kezdem\u00e9nyez\u00e9s oldhatja meg Szolnokon a vasutas sztr\u00e1jk miatti k\u00f6zleked\u00e9si gondokat. A vonattal ing\u00e1z\u00f3k ugyanis \u00f6sszefogtak, aut\u00f3buszt b\u00e9reln\u00e9nek, ami minden...<\/div>\r\n\t\t\t\t\t\t\t\t\t\t\t<a href=\"http:\/\/archiv.szolnoktv.hu\/?p=33226\" class=\"readmorebtn\">Tov\u00e1bb \u00bb<\/a>\r\n\t\t\t\t\t\t\t\t\t<\/div>\r\n\t\t\t\t\t<\/div>\r\n\t<\/div>\r\n<\/div><div class=\"pgafu-post-grid  pgafu-medium-4 pgafu-columns  pgafu-first\">\r\n\t<div class=\"pgafu-post-grid-content no-thumb-image\">\r\n\t\t\r\n\t\t<div class=\"pgafu-content-above-image\">\r\n\t\t\t<h2 class=\"pgafu-post-title\">\r\n\t\t\t\t<a href=\"http:\/\/archiv.szolnoktv.hu\/?p=33225\">J\u00e9gp\u00e1lya<\/a>\r\n\t\t\t<\/h2>\r\n\r\n\t\t\t\t\t\t\t<div class=\"pgafu-post-categories\"><a href=\"http:\/\/archiv.szolnoktv.hu\/?cat=24\">2008<\/a><\/div>\r\n\t\t\t\t\t\t\t<div class=\"pgafu-post-date\">\r\n\t\t\t\t\t\t\t\t\t\t\t<span class=\"pgafu-time\"> <img src=\"http:\/\/archiv.szolnoktv.hu\/wp-content\/plugins\/post-grid-and-filter-ultimate\/assets\/images\/calendar.svg\" alt=\"\"> 2008.12.25. <\/span>\r\n\t\t\t\t\t\t\t\t\t<\/div>\r\n\t\t\t\t\t\t\t<div class=\"pgafu-post-content\">\r\n\t\t\t\t\t<div class=\"pgafu-post-short-content\">A k\u00e9t \u00fcnnep k\u00f6z\u00f6tt ism\u00e9t kinyit Szolnok ideiglenes m\u0171j\u00e9gp\u00e1ly\u00e1ja. A szervez\u0151k id\u00e9n is mindent megtesznek az\u00e9rt, hogy min\u00e9l sz\u00ednvonalasabb szolg\u00e1ltat\u00e1st...<\/div>\r\n\t\t\t\t\t\t\t\t\t\t\t<a href=\"http:\/\/archiv.szolnoktv.hu\/?p=33225\" class=\"readmorebtn\">Tov\u00e1bb \u00bb<\/a>\r\n\t\t\t\t\t\t\t\t\t<\/div>\r\n\t\t\t\t\t<\/div>\r\n\t<\/div>\r\n<\/div><div class=\"pgafu-post-grid  pgafu-medium-4 pgafu-columns \">\r\n\t<div class=\"pgafu-post-grid-content no-thumb-image\">\r\n\t\t\r\n\t\t<div class=\"pgafu-content-above-image\">\r\n\t\t\t<h2 class=\"pgafu-post-title\">\r\n\t\t\t\t<a href=\"http:\/\/archiv.szolnoktv.hu\/?p=33224\">Aktu\u00e1lis &#8211; 2008-12-24<\/a>\r\n\t\t\t<\/h2>\r\n\r\n\t\t\t\t\t\t\t<div class=\"pgafu-post-categories\"><a href=\"http:\/\/archiv.szolnoktv.hu\/?cat=24\">2008<\/a><\/div>\r\n\t\t\t\t\t\t\t<div class=\"pgafu-post-date\">\r\n\t\t\t\t\t\t\t\t\t\t\t<span class=\"pgafu-time\"> <img src=\"http:\/\/archiv.szolnoktv.hu\/wp-content\/plugins\/post-grid-and-filter-ultimate\/assets\/images\/calendar.svg\" alt=\"\"> 2008.12.25. <\/span>\r\n\t\t\t\t\t\t\t\t\t<\/div>\r\n\t\t\t\t\t\t\t<div class=\"pgafu-post-content\">\r\n\t\t\t\t\t<div class=\"pgafu-post-short-content\"><\/div>\r\n\t\t\t\t\t\t\t\t\t\t\t<a href=\"http:\/\/archiv.szolnoktv.hu\/?p=33224\" class=\"readmorebtn\">Tov\u00e1bb \u00bb<\/a>\r\n\t\t\t\t\t\t\t\t\t<\/div>\r\n\t\t\t\t\t<\/div>\r\n\t<\/div>\r\n<\/div><div class=\"pgafu-post-grid  pgafu-medium-4 pgafu-columns  pgafu-last\">\r\n\t<div class=\"pgafu-post-grid-content no-thumb-image\">\r\n\t\t\r\n\t\t<div class=\"pgafu-content-above-image\">\r\n\t\t\t<h2 class=\"pgafu-post-title\">\r\n\t\t\t\t<a href=\"http:\/\/archiv.szolnoktv.hu\/?p=33223\">Aktu\u00e1lis &#8211; 2008-12-23<\/a>\r\n\t\t\t<\/h2>\r\n\r\n\t\t\t\t\t\t\t<div class=\"pgafu-post-categories\"><a href=\"http:\/\/archiv.szolnoktv.hu\/?cat=24\">2008<\/a><\/div>\r\n\t\t\t\t\t\t\t<div class=\"pgafu-post-date\">\r\n\t\t\t\t\t\t\t\t\t\t\t<span class=\"pgafu-time\"> <img src=\"http:\/\/archiv.szolnoktv.hu\/wp-content\/plugins\/post-grid-and-filter-ultimate\/assets\/images\/calendar.svg\" alt=\"\"> 2008.12.24. <\/span>\r\n\t\t\t\t\t\t\t\t\t<\/div>\r\n\t\t\t\t\t\t\t<div class=\"pgafu-post-content\">\r\n\t\t\t\t\t<div class=\"pgafu-post-short-content\"><\/div>\r\n\t\t\t\t\t\t\t\t\t\t\t<a href=\"http:\/\/archiv.szolnoktv.hu\/?p=33223\" class=\"readmorebtn\">Tov\u00e1bb \u00bb<\/a>\r\n\t\t\t\t\t\t\t\t\t<\/div>\r\n\t\t\t\t\t<\/div>\r\n\t<\/div>\r\n<\/div><div class=\"pgafu-post-grid  pgafu-medium-4 pgafu-columns  pgafu-first\">\r\n\t<div class=\"pgafu-post-grid-content no-thumb-image\">\r\n\t\t\r\n\t\t<div class=\"pgafu-content-above-image\">\r\n\t\t\t<h2 class=\"pgafu-post-title\">\r\n\t\t\t\t<a href=\"http:\/\/archiv.szolnoktv.hu\/?p=33222\">Aktu\u00e1lis &#8211; 2008-12-22<\/a>\r\n\t\t\t<\/h2>\r\n\r\n\t\t\t\t\t\t\t<div class=\"pgafu-post-categories\"><a href=\"http:\/\/archiv.szolnoktv.hu\/?cat=24\">2008<\/a><\/div>\r\n\t\t\t\t\t\t\t<div class=\"pgafu-post-date\">\r\n\t\t\t\t\t\t\t\t\t\t\t<span class=\"pgafu-time\"> <img src=\"http:\/\/archiv.szolnoktv.hu\/wp-content\/plugins\/post-grid-and-filter-ultimate\/assets\/images\/calendar.svg\" alt=\"\"> 2008.12.23. <\/span>\r\n\t\t\t\t\t\t\t\t\t<\/div>\r\n\t\t\t\t\t\t\t<div class=\"pgafu-post-content\">\r\n\t\t\t\t\t<div class=\"pgafu-post-short-content\"><\/div>\r\n\t\t\t\t\t\t\t\t\t\t\t<a href=\"http:\/\/archiv.szolnoktv.hu\/?p=33222\" class=\"readmorebtn\">Tov\u00e1bb \u00bb<\/a>\r\n\t\t\t\t\t\t\t\t\t<\/div>\r\n\t\t\t\t\t<\/div>\r\n\t<\/div>\r\n<\/div><div class=\"pgafu-post-grid  pgafu-medium-4 pgafu-columns \">\r\n\t<div class=\"pgafu-post-grid-content no-thumb-image\">\r\n\t\t\r\n\t\t<div class=\"pgafu-content-above-image\">\r\n\t\t\t<h2 class=\"pgafu-post-title\">\r\n\t\t\t\t<a href=\"http:\/\/archiv.szolnoktv.hu\/?p=33221\">Aktu\u00e1lis &#8211; 2008-12-21<\/a>\r\n\t\t\t<\/h2>\r\n\r\n\t\t\t\t\t\t\t<div class=\"pgafu-post-categories\"><a href=\"http:\/\/archiv.szolnoktv.hu\/?cat=24\">2008<\/a><\/div>\r\n\t\t\t\t\t\t\t<div class=\"pgafu-post-date\">\r\n\t\t\t\t\t\t\t\t\t\t\t<span class=\"pgafu-time\"> <img src=\"http:\/\/archiv.szolnoktv.hu\/wp-content\/plugins\/post-grid-and-filter-ultimate\/assets\/images\/calendar.svg\" alt=\"\"> 2008.12.21. <\/span>\r\n\t\t\t\t\t\t\t\t\t<\/div>\r\n\t\t\t\t\t\t\t<div class=\"pgafu-post-content\">\r\n\t\t\t\t\t<div class=\"pgafu-post-short-content\"><\/div>\r\n\t\t\t\t\t\t\t\t\t\t\t<a href=\"http:\/\/archiv.szolnoktv.hu\/?p=33221\" class=\"readmorebtn\">Tov\u00e1bb \u00bb<\/a>\r\n\t\t\t\t\t\t\t\t\t<\/div>\r\n\t\t\t\t\t<\/div>\r\n\t<\/div>\r\n<\/div><div class=\"pgafu-post-grid  pgafu-medium-4 pgafu-columns  pgafu-last\">\r\n\t<div class=\"pgafu-post-grid-content no-thumb-image\">\r\n\t\t\r\n\t\t<div class=\"pgafu-content-above-image\">\r\n\t\t\t<h2 class=\"pgafu-post-title\">\r\n\t\t\t\t<a href=\"http:\/\/archiv.szolnoktv.hu\/?p=33220\">Aktu\u00e1lis &#8211; 2008-12-19<\/a>\r\n\t\t\t<\/h2>\r\n\r\n\t\t\t\t\t\t\t<div class=\"pgafu-post-categories\"><a href=\"http:\/\/archiv.szolnoktv.hu\/?cat=24\">2008<\/a><\/div>\r\n\t\t\t\t\t\t\t<div class=\"pgafu-post-date\">\r\n\t\t\t\t\t\t\t\t\t\t\t<span class=\"pgafu-time\"> <img src=\"http:\/\/archiv.szolnoktv.hu\/wp-content\/plugins\/post-grid-and-filter-ultimate\/assets\/images\/calendar.svg\" alt=\"\"> 2008.12.20. <\/span>\r\n\t\t\t\t\t\t\t\t\t<\/div>\r\n\t\t\t\t\t\t\t<div class=\"pgafu-post-content\">\r\n\t\t\t\t\t<div class=\"pgafu-post-short-content\"><\/div>\r\n\t\t\t\t\t\t\t\t\t\t\t<a href=\"http:\/\/archiv.szolnoktv.hu\/?p=33220\" class=\"readmorebtn\">Tov\u00e1bb \u00bb<\/a>\r\n\t\t\t\t\t\t\t\t\t<\/div>\r\n\t\t\t\t\t<\/div>\r\n\t<\/div>\r\n<\/div><div class=\"pgafu-post-grid  pgafu-medium-4 pgafu-columns  pgafu-first\">\r\n\t<div class=\"pgafu-post-grid-content no-thumb-image\">\r\n\t\t\r\n\t\t<div class=\"pgafu-content-above-image\">\r\n\t\t\t<h2 class=\"pgafu-post-title\">\r\n\t\t\t\t<a href=\"http:\/\/archiv.szolnoktv.hu\/?p=33219\">Tiszai hull\u00e1mt\u00e9r projekt<\/a>\r\n\t\t\t<\/h2>\r\n\r\n\t\t\t\t\t\t\t<div class=\"pgafu-post-categories\"><a href=\"http:\/\/archiv.szolnoktv.hu\/?cat=24\">2008<\/a><\/div>\r\n\t\t\t\t\t\t\t<div class=\"pgafu-post-date\">\r\n\t\t\t\t\t\t\t\t\t\t\t<span class=\"pgafu-time\"> <img src=\"http:\/\/archiv.szolnoktv.hu\/wp-content\/plugins\/post-grid-and-filter-ultimate\/assets\/images\/calendar.svg\" alt=\"\"> 2008.12.19. <\/span>\r\n\t\t\t\t\t\t\t\t\t<\/div>\r\n\t\t\t\t\t\t\t<div class=\"pgafu-post-content\">\r\n\t\t\t\t\t<div class=\"pgafu-post-short-content\">10 milli\u00e1rd forint. Ennyit ford\u00edt az \u00e1llam \u00e9s az Eur\u00f3pai Uni\u00f3 a Tisza v\u00edzszintjnek cs\u00f6kkent\u00e9s\u00e9re. Az elm\u00falt \u00e9vtizedben ugyanis \u00f6t...<\/div>\r\n\t\t\t\t\t\t\t\t\t\t\t<a href=\"http:\/\/archiv.szolnoktv.hu\/?p=33219\" class=\"readmorebtn\">Tov\u00e1bb \u00bb<\/a>\r\n\t\t\t\t\t\t\t\t\t<\/div>\r\n\t\t\t\t\t<\/div>\r\n\t<\/div>\r\n<\/div><div class=\"pgafu-post-grid  pgafu-medium-4 pgafu-columns \">\r\n\t<div class=\"pgafu-post-grid-content no-thumb-image\">\r\n\t\t\r\n\t\t<div class=\"pgafu-content-above-image\">\r\n\t\t\t<h2 class=\"pgafu-post-title\">\r\n\t\t\t\t<a href=\"http:\/\/archiv.szolnoktv.hu\/?p=33218\">Sz\u00e9chenyi kar\u00e1csony<\/a>\r\n\t\t\t<\/h2>\r\n\r\n\t\t\t\t\t\t\t<div class=\"pgafu-post-categories\"><a href=\"http:\/\/archiv.szolnoktv.hu\/?cat=24\">2008<\/a><\/div>\r\n\t\t\t\t\t\t\t<div class=\"pgafu-post-date\">\r\n\t\t\t\t\t\t\t\t\t\t\t<span class=\"pgafu-time\"> <img src=\"http:\/\/archiv.szolnoktv.hu\/wp-content\/plugins\/post-grid-and-filter-ultimate\/assets\/images\/calendar.svg\" alt=\"\"> 2008.12.19. <\/span>\r\n\t\t\t\t\t\t\t\t\t<\/div>\r\n\t\t\t\t\t\t\t<div class=\"pgafu-post-content\">\r\n\t\t\t\t\t<div class=\"pgafu-post-short-content\">Nem feledkeztek meg r\u00f3la. Szolnok legn\u00e9pesebb v\u00e1rosr\u00e9sz\u00e9ben is meg\u00fcnnepelt\u00e9k a kar\u00e1csonyt. A m\u0171sorr\u00f3l a legkisebbek gondoskodtak. Az \u00fcnnepk\u00f6r eredet\u00e9t megid\u00e9z\u0151...<\/div>\r\n\t\t\t\t\t\t\t\t\t\t\t<a href=\"http:\/\/archiv.szolnoktv.hu\/?p=33218\" class=\"readmorebtn\">Tov\u00e1bb \u00bb<\/a>\r\n\t\t\t\t\t\t\t\t\t<\/div>\r\n\t\t\t\t\t<\/div>\r\n\t<\/div>\r\n<\/div><div class=\"pgafu-post-grid  pgafu-medium-4 pgafu-columns  pgafu-last\">\r\n\t<div class=\"pgafu-post-grid-content no-thumb-image\">\r\n\t\t\r\n\t\t<div class=\"pgafu-content-above-image\">\r\n\t\t\t<h2 class=\"pgafu-post-title\">\r\n\t\t\t\t<a href=\"http:\/\/archiv.szolnoktv.hu\/?p=33217\">Forgalomszervez\u00e9si hi\u00e1nyoss\u00e1gok<\/a>\r\n\t\t\t<\/h2>\r\n\r\n\t\t\t\t\t\t\t<div class=\"pgafu-post-categories\"><a href=\"http:\/\/archiv.szolnoktv.hu\/?cat=24\">2008<\/a><\/div>\r\n\t\t\t\t\t\t\t<div class=\"pgafu-post-date\">\r\n\t\t\t\t\t\t\t\t\t\t\t<span class=\"pgafu-time\"> <img src=\"http:\/\/archiv.szolnoktv.hu\/wp-content\/plugins\/post-grid-and-filter-ultimate\/assets\/images\/calendar.svg\" alt=\"\"> 2008.12.19. <\/span>\r\n\t\t\t\t\t\t\t\t\t<\/div>\r\n\t\t\t\t\t\t\t<div class=\"pgafu-post-content\">\r\n\t\t\t\t\t<div class=\"pgafu-post-short-content\">Forgalom \u00e1tszervez\u00e9s civil szemmel. A Megyei Balesetmegel\u0151z\u00e9si Bizotts\u00e1g egyik f\u0151 feladata, hogy felt\u00e1rj\u00e1k a forgalomszervez\u00e9si probl\u00e9m\u00e1kat. Ez\u00fattal nemcsak a szakemberek...<\/div>\r\n\t\t\t\t\t\t\t\t\t\t\t<a href=\"http:\/\/archiv.szolnoktv.hu\/?p=33217\" class=\"readmorebtn\">Tov\u00e1bb \u00bb<\/a>\r\n\t\t\t\t\t\t\t\t\t<\/div>\r\n\t\t\t\t\t<\/div>\r\n\t<\/div>\r\n<\/div><div class=\"pgafu-post-grid  pgafu-medium-4 pgafu-columns  pgafu-first\">\r\n\t<div class=\"pgafu-post-grid-content no-thumb-image\">\r\n\t\t\r\n\t\t<div class=\"pgafu-content-above-image\">\r\n\t\t\t<h2 class=\"pgafu-post-title\">\r\n\t\t\t\t<a href=\"http:\/\/archiv.szolnoktv.hu\/?p=33216\">Aktu\u00e1lis &#8211; 2008-12-18<\/a>\r\n\t\t\t<\/h2>\r\n\r\n\t\t\t\t\t\t\t<div class=\"pgafu-post-categories\"><a href=\"http:\/\/archiv.szolnoktv.hu\/?cat=24\">2008<\/a><\/div>\r\n\t\t\t\t\t\t\t<div class=\"pgafu-post-date\">\r\n\t\t\t\t\t\t\t\t\t\t\t<span class=\"pgafu-time\"> <img src=\"http:\/\/archiv.szolnoktv.hu\/wp-content\/plugins\/post-grid-and-filter-ultimate\/assets\/images\/calendar.svg\" alt=\"\"> 2008.12.19. <\/span>\r\n\t\t\t\t\t\t\t\t\t<\/div>\r\n\t\t\t\t\t\t\t<div class=\"pgafu-post-content\">\r\n\t\t\t\t\t<div class=\"pgafu-post-short-content\"><\/div>\r\n\t\t\t\t\t\t\t\t\t\t\t<a href=\"http:\/\/archiv.szolnoktv.hu\/?p=33216\" class=\"readmorebtn\">Tov\u00e1bb \u00bb<\/a>\r\n\t\t\t\t\t\t\t\t\t<\/div>\r\n\t\t\t\t\t<\/div>\r\n\t<\/div>\r\n<\/div><div class=\"pgafu-post-grid  pgafu-medium-4 pgafu-columns \">\r\n\t<div class=\"pgafu-post-grid-content no-thumb-image\">\r\n\t\t\r\n\t\t<div class=\"pgafu-content-above-image\">\r\n\t\t\t<h2 class=\"pgafu-post-title\">\r\n\t\t\t\t<a href=\"http:\/\/archiv.szolnoktv.hu\/?p=33215\">K\u0151v\u00e1ri Tam\u00e1s d\u00edj<\/a>\r\n\t\t\t<\/h2>\r\n\r\n\t\t\t\t\t\t\t<div class=\"pgafu-post-categories\"><a href=\"http:\/\/archiv.szolnoktv.hu\/?cat=24\">2008<\/a><\/div>\r\n\t\t\t\t\t\t\t<div class=\"pgafu-post-date\">\r\n\t\t\t\t\t\t\t\t\t\t\t<span class=\"pgafu-time\"> <img src=\"http:\/\/archiv.szolnoktv.hu\/wp-content\/plugins\/post-grid-and-filter-ultimate\/assets\/images\/calendar.svg\" alt=\"\"> 2008.12.18. <\/span>\r\n\t\t\t\t\t\t\t\t\t<\/div>\r\n\t\t\t\t\t\t\t<div class=\"pgafu-post-content\">\r\n\t\t\t\t\t<div class=\"pgafu-post-short-content\">A K\u0151v\u00e1ri Tam\u00e1s Alap\u00edtv\u00e1ny ism\u00e9t arr\u00f3l, hogy ki kapja azt a d\u00edjban, amelyet a fiatalon elhunyt n\u00e9vad\u00f3 eml\u00e9k\u00e9re hoztak l\u00e9tre....<\/div>\r\n\t\t\t\t\t\t\t\t\t\t\t<a href=\"http:\/\/archiv.szolnoktv.hu\/?p=33215\" class=\"readmorebtn\">Tov\u00e1bb \u00bb<\/a>\r\n\t\t\t\t\t\t\t\t\t<\/div>\r\n\t\t\t\t\t<\/div>\r\n\t<\/div>\r\n<\/div><div class=\"pgafu-post-grid  pgafu-medium-4 pgafu-columns  pgafu-last\">\r\n\t<div class=\"pgafu-post-grid-content no-thumb-image\">\r\n\t\t\r\n\t\t<div class=\"pgafu-content-above-image\">\r\n\t\t\t<h2 class=\"pgafu-post-title\">\r\n\t\t\t\t<a href=\"http:\/\/archiv.szolnoktv.hu\/?p=33214\">Ingyenes parkol\u00e1s<\/a>\r\n\t\t\t<\/h2>\r\n\r\n\t\t\t\t\t\t\t<div class=\"pgafu-post-categories\"><a href=\"http:\/\/archiv.szolnoktv.hu\/?cat=24\">2008<\/a><\/div>\r\n\t\t\t\t\t\t\t<div class=\"pgafu-post-date\">\r\n\t\t\t\t\t\t\t\t\t\t\t<span class=\"pgafu-time\"> <img src=\"http:\/\/archiv.szolnoktv.hu\/wp-content\/plugins\/post-grid-and-filter-ultimate\/assets\/images\/calendar.svg\" alt=\"\"> 2008.12.18. <\/span>\r\n\t\t\t\t\t\t\t\t\t<\/div>\r\n\t\t\t\t\t\t\t<div class=\"pgafu-post-content\">\r\n\t\t\t\t\t<div class=\"pgafu-post-short-content\">Ingyenes parkol\u00e1s. Holnap kell utolj\u00e1ra fizetni a parkol\u00e1s\u00e9rt Szolnokon. A dr\u00e1ga \u00f3rad\u00edjak nem v\u00e9glegesen sz\u0171ntek meg, mind\u00f6ssze az \u00fcnnepek alatt...<\/div>\r\n\t\t\t\t\t\t\t\t\t\t\t<a href=\"http:\/\/archiv.szolnoktv.hu\/?p=33214\" class=\"readmorebtn\">Tov\u00e1bb \u00bb<\/a>\r\n\t\t\t\t\t\t\t\t\t<\/div>\r\n\t\t\t\t\t<\/div>\r\n\t<\/div>\r\n<\/div><div class=\"pgafu-post-grid  pgafu-medium-4 pgafu-columns  pgafu-first\">\r\n\t<div class=\"pgafu-post-grid-content no-thumb-image\">\r\n\t\t\r\n\t\t<div class=\"pgafu-content-above-image\">\r\n\t\t\t<h2 class=\"pgafu-post-title\">\r\n\t\t\t\t<a href=\"http:\/\/archiv.szolnoktv.hu\/?p=33213\">V\u00e1llalkoz\u00f3ja d\u00edj- Szir\u00e1ki P\u00e1l<\/a>\r\n\t\t\t<\/h2>\r\n\r\n\t\t\t\t\t\t\t<div class=\"pgafu-post-categories\"><a href=\"http:\/\/archiv.szolnoktv.hu\/?cat=24\">2008<\/a><\/div>\r\n\t\t\t\t\t\t\t<div class=\"pgafu-post-date\">\r\n\t\t\t\t\t\t\t\t\t\t\t<span class=\"pgafu-time\"> <img src=\"http:\/\/archiv.szolnoktv.hu\/wp-content\/plugins\/post-grid-and-filter-ultimate\/assets\/images\/calendar.svg\" alt=\"\"> 2008.12.18. <\/span>\r\n\t\t\t\t\t\t\t\t\t<\/div>\r\n\t\t\t\t\t\t\t<div class=\"pgafu-post-content\">\r\n\t\t\t\t\t<div class=\"pgafu-post-short-content\">\u00c9lete a Vol\u00e1n. M\u00e9rn\u00f6kk\u00e9nt kezdte, most a c\u00e9g els\u0151 embere, nem mell\u00e9kesen pedig az \u00c9v V\u00e1llalkoz\u00f3ja D\u00edj b\u00fcszke tulajdonosa. Szir\u00e1ki...<\/div>\r\n\t\t\t\t\t\t\t\t\t\t\t<a href=\"http:\/\/archiv.szolnoktv.hu\/?p=33213\" class=\"readmorebtn\">Tov\u00e1bb \u00bb<\/a>\r\n\t\t\t\t\t\t\t\t\t<\/div>\r\n\t\t\t\t\t<\/div>\r\n\t<\/div>\r\n<\/div><div class=\"pgafu-post-grid  pgafu-medium-4 pgafu-columns \">\r\n\t<div class=\"pgafu-post-grid-content no-thumb-image\">\r\n\t\t\r\n\t\t<div class=\"pgafu-content-above-image\">\r\n\t\t\t<h2 class=\"pgafu-post-title\">\r\n\t\t\t\t<a href=\"http:\/\/archiv.szolnoktv.hu\/?p=33212\">Aktu\u00e1lis &#8211; 2008-12-17<\/a>\r\n\t\t\t<\/h2>\r\n\r\n\t\t\t\t\t\t\t<div class=\"pgafu-post-categories\"><a href=\"http:\/\/archiv.szolnoktv.hu\/?cat=24\">2008<\/a><\/div>\r\n\t\t\t\t\t\t\t<div class=\"pgafu-post-date\">\r\n\t\t\t\t\t\t\t\t\t\t\t<span class=\"pgafu-time\"> <img src=\"http:\/\/archiv.szolnoktv.hu\/wp-content\/plugins\/post-grid-and-filter-ultimate\/assets\/images\/calendar.svg\" alt=\"\"> 2008.12.18. <\/span>\r\n\t\t\t\t\t\t\t\t\t<\/div>\r\n\t\t\t\t\t\t\t<div class=\"pgafu-post-content\">\r\n\t\t\t\t\t<div class=\"pgafu-post-short-content\"><\/div>\r\n\t\t\t\t\t\t\t\t\t\t\t<a href=\"http:\/\/archiv.szolnoktv.hu\/?p=33212\" class=\"readmorebtn\">Tov\u00e1bb \u00bb<\/a>\r\n\t\t\t\t\t\t\t\t\t<\/div>\r\n\t\t\t\t\t<\/div>\r\n\t<\/div>\r\n<\/div><div class=\"pgafu-post-grid  pgafu-medium-4 pgafu-columns  pgafu-last\">\r\n\t<div class=\"pgafu-post-grid-content no-thumb-image\">\r\n\t\t\r\n\t\t<div class=\"pgafu-content-above-image\">\r\n\t\t\t<h2 class=\"pgafu-post-title\">\r\n\t\t\t\t<a href=\"http:\/\/archiv.szolnoktv.hu\/?p=33211\">Tisza F\u0151v\u00e1rosa projektiroda<\/a>\r\n\t\t\t<\/h2>\r\n\r\n\t\t\t\t\t\t\t<div class=\"pgafu-post-categories\"><a href=\"http:\/\/archiv.szolnoktv.hu\/?cat=24\">2008<\/a><\/div>\r\n\t\t\t\t\t\t\t<div class=\"pgafu-post-date\">\r\n\t\t\t\t\t\t\t\t\t\t\t<span class=\"pgafu-time\"> <img src=\"http:\/\/archiv.szolnoktv.hu\/wp-content\/plugins\/post-grid-and-filter-ultimate\/assets\/images\/calendar.svg\" alt=\"\"> 2008.12.17. <\/span>\r\n\t\t\t\t\t\t\t\t\t<\/div>\r\n\t\t\t\t\t\t\t<div class=\"pgafu-post-content\">\r\n\t\t\t\t\t<div class=\"pgafu-post-short-content\">Megny\u00edlt a Tisza F\u0151v\u00e1rosa Inform\u00e1ci\u00f3s Pont. A f\u0151iskol\u00e1sokat foglalkoztat\u00f3 irod\u00e1ban a szolnoki beruh\u00e1z\u00e1sokr\u00f3l, helyi programokr\u00f3l lehet t\u00e1j\u00e9koz\u00f3dni. Vas\u00e1rnap kiv\u00e9tel\u00e9vel minden...<\/div>\r\n\t\t\t\t\t\t\t\t\t\t\t<a href=\"http:\/\/archiv.szolnoktv.hu\/?p=33211\" class=\"readmorebtn\">Tov\u00e1bb \u00bb<\/a>\r\n\t\t\t\t\t\t\t\t\t<\/div>\r\n\t\t\t\t\t<\/div>\r\n\t<\/div>\r\n<\/div><div class=\"pgafu-post-grid  pgafu-medium-4 pgafu-columns  pgafu-first\">\r\n\t<div class=\"pgafu-post-grid-content no-thumb-image\">\r\n\t\t\r\n\t\t<div class=\"pgafu-content-above-image\">\r\n\t\t\t<h2 class=\"pgafu-post-title\">\r\n\t\t\t\t<a href=\"http:\/\/archiv.szolnoktv.hu\/?p=33210\">Megyei Ter\u00fcletfejleszt\u00e9si Tan\u00e1cs \u00fcl\u00e9s<br><\/a>\r\n\t\t\t<\/h2>\r\n\r\n\t\t\t\t\t\t\t<div class=\"pgafu-post-categories\"><a href=\"http:\/\/archiv.szolnoktv.hu\/?cat=24\">2008<\/a><\/div>\r\n\t\t\t\t\t\t\t<div class=\"pgafu-post-date\">\r\n\t\t\t\t\t\t\t\t\t\t\t<span class=\"pgafu-time\"> <img src=\"http:\/\/archiv.szolnoktv.hu\/wp-content\/plugins\/post-grid-and-filter-ultimate\/assets\/images\/calendar.svg\" alt=\"\"> 2008.12.17. <\/span>\r\n\t\t\t\t\t\t\t\t\t<\/div>\r\n\t\t\t\t\t\t\t<div class=\"pgafu-post-content\">\r\n\t\t\t\t\t<div class=\"pgafu-post-short-content\">Kevesebb p\u00e9nzb\u0151l. Egyes inform\u00e1ci\u00f3k szerint m\u0171k\u00f6d\u00e9si kiad\u00e1sokra alig t\u00f6bb mint az idei fel\u00e9t kapn\u00e1 csup\u00e1n meg 2009- ben a J\u00e1sz-...<\/div>\r\n\t\t\t\t\t\t\t\t\t\t\t<a href=\"http:\/\/archiv.szolnoktv.hu\/?p=33210\" class=\"readmorebtn\">Tov\u00e1bb \u00bb<\/a>\r\n\t\t\t\t\t\t\t\t\t<\/div>\r\n\t\t\t\t\t<\/div>\r\n\t<\/div>\r\n<\/div><div class=\"pgafu-post-grid  pgafu-medium-4 pgafu-columns \">\r\n\t<div class=\"pgafu-post-grid-content no-thumb-image\">\r\n\t\t\r\n\t\t<div class=\"pgafu-content-above-image\">\r\n\t\t\t<h2 class=\"pgafu-post-title\">\r\n\t\t\t\t<a href=\"http:\/\/archiv.szolnoktv.hu\/?p=33209\">Kar\u00e1csonyi \u00fcnneps\u00e9g a k\u00f3rh\u00e1zban<\/a>\r\n\t\t\t<\/h2>\r\n\r\n\t\t\t\t\t\t\t<div class=\"pgafu-post-categories\"><a href=\"http:\/\/archiv.szolnoktv.hu\/?cat=24\">2008<\/a><\/div>\r\n\t\t\t\t\t\t\t<div class=\"pgafu-post-date\">\r\n\t\t\t\t\t\t\t\t\t\t\t<span class=\"pgafu-time\"> <img src=\"http:\/\/archiv.szolnoktv.hu\/wp-content\/plugins\/post-grid-and-filter-ultimate\/assets\/images\/calendar.svg\" alt=\"\"> 2008.12.17. <\/span>\r\n\t\t\t\t\t\t\t\t\t<\/div>\r\n\t\t\t\t\t\t\t<div class=\"pgafu-post-content\">\r\n\t\t\t\t\t<div class=\"pgafu-post-short-content\">Betegek,k\u00f3rh\u00e1zi lelk\u00e9szek, \u00e1pol\u00f3k \u00e9s orvosok \u00fcnnepeltek egy\u00fctt a Het\u00e9nyi G\u00e9za Megyei k\u00f3rh\u00e1zban. A kar\u00e1csonyi \u00fcnneps\u00e9get Beer Mikl\u00f3s v\u00e1ci megy\u00e9s p\u00fcsp\u00f6k...<\/div>\r\n\t\t\t\t\t\t\t\t\t\t\t<a href=\"http:\/\/archiv.szolnoktv.hu\/?p=33209\" class=\"readmorebtn\">Tov\u00e1bb \u00bb<\/a>\r\n\t\t\t\t\t\t\t\t\t<\/div>\r\n\t\t\t\t\t<\/div>\r\n\t<\/div>\r\n<\/div><div class=\"pgafu-post-grid  pgafu-medium-4 pgafu-columns  pgafu-last\">\r\n\t<div class=\"pgafu-post-grid-content no-thumb-image\">\r\n\t\t\r\n\t\t<div class=\"pgafu-content-above-image\">\r\n\t\t\t<h2 class=\"pgafu-post-title\">\r\n\t\t\t\t<a href=\"http:\/\/archiv.szolnoktv.hu\/?p=33208\">Feh\u00e9r port tartalmaz\u00f3 levelet kapott az MSZP szolnoki irod\u00e1ja<\/a>\r\n\t\t\t<\/h2>\r\n\r\n\t\t\t\t\t\t\t<div class=\"pgafu-post-categories\"><a href=\"http:\/\/archiv.szolnoktv.hu\/?cat=24\">2008<\/a><\/div>\r\n\t\t\t\t\t\t\t<div class=\"pgafu-post-date\">\r\n\t\t\t\t\t\t\t\t\t\t\t<span class=\"pgafu-time\"> <img src=\"http:\/\/archiv.szolnoktv.hu\/wp-content\/plugins\/post-grid-and-filter-ultimate\/assets\/images\/calendar.svg\" alt=\"\"> 2008.12.17. <\/span>\r\n\t\t\t\t\t\t\t\t\t<\/div>\r\n\t\t\t\t\t\t\t<div class=\"pgafu-post-content\">\r\n\t\t\t\t\t<div class=\"pgafu-post-short-content\">Ismeretlen feh\u00e9r port tartalmaz\u00f3 levelet kapott ma d\u00e9lel\u0151tt a Magyar Szocialista P\u00e1rt v\u00e1rosi irod\u00e1ja. A k\u00fcldem\u00e9nyt az \u00c1NTSZ budapesti laborat\u00f3rium\u00e1ban...<\/div>\r\n\t\t\t\t\t\t\t\t\t\t\t<a href=\"http:\/\/archiv.szolnoktv.hu\/?p=33208\" class=\"readmorebtn\">Tov\u00e1bb \u00bb<\/a>\r\n\t\t\t\t\t\t\t\t\t<\/div>\r\n\t\t\t\t\t<\/div>\r\n\t<\/div>\r\n<\/div><div class=\"pgafu-post-grid  pgafu-medium-4 pgafu-columns  pgafu-first\">\r\n\t<div class=\"pgafu-post-grid-content no-thumb-image\">\r\n\t\t\r\n\t\t<div class=\"pgafu-content-above-image\">\r\n\t\t\t<h2 class=\"pgafu-post-title\">\r\n\t\t\t\t<a href=\"http:\/\/archiv.szolnoktv.hu\/?p=33207\">\u00c9v v\u00e1llalkoz\u00f3ja<\/a>\r\n\t\t\t<\/h2>\r\n\r\n\t\t\t\t\t\t\t<div class=\"pgafu-post-categories\"><a href=\"http:\/\/archiv.szolnoktv.hu\/?cat=24\">2008<\/a><\/div>\r\n\t\t\t\t\t\t\t<div class=\"pgafu-post-date\">\r\n\t\t\t\t\t\t\t\t\t\t\t<span class=\"pgafu-time\"> <img src=\"http:\/\/archiv.szolnoktv.hu\/wp-content\/plugins\/post-grid-and-filter-ultimate\/assets\/images\/calendar.svg\" alt=\"\"> 2008.12.17. <\/span>\r\n\t\t\t\t\t\t\t\t\t<\/div>\r\n\t\t\t\t\t\t\t<div class=\"pgafu-post-content\">\r\n\t\t\t\t\t<div class=\"pgafu-post-short-content\">Az \u00e9v v\u00e1llakoz\u00f3ja. J\u00e1sz-Nagykun-Szolnok Megy\u00e9b\u0151l n\u00e9gyen is \u00e1tvehett\u00e9k a kit\u00fcntet\u0151 c\u00edmet. Egyik\u00fck, Zilahi S\u00e1ndor m\u00e1r 26 \u00e9ve v\u00e1llakoz\u00f3. Taxisof\u0151rk\u00e9nt kezdte,...<\/div>\r\n\t\t\t\t\t\t\t\t\t\t\t<a href=\"http:\/\/archiv.szolnoktv.hu\/?p=33207\" class=\"readmorebtn\">Tov\u00e1bb \u00bb<\/a>\r\n\t\t\t\t\t\t\t\t\t<\/div>\r\n\t\t\t\t\t<\/div>\r\n\t<\/div>\r\n<\/div><div class=\"pgafu-post-grid  pgafu-medium-4 pgafu-columns \">\r\n\t<div class=\"pgafu-post-grid-content no-thumb-image\">\r\n\t\t\r\n\t\t<div class=\"pgafu-content-above-image\">\r\n\t\t\t<h2 class=\"pgafu-post-title\">\r\n\t\t\t\t<a href=\"http:\/\/archiv.szolnoktv.hu\/?p=33206\">Aktu\u00e1lis &#8211; 2008-12-16<\/a>\r\n\t\t\t<\/h2>\r\n\r\n\t\t\t\t\t\t\t<div class=\"pgafu-post-categories\"><a href=\"http:\/\/archiv.szolnoktv.hu\/?cat=24\">2008<\/a><\/div>\r\n\t\t\t\t\t\t\t<div class=\"pgafu-post-date\">\r\n\t\t\t\t\t\t\t\t\t\t\t<span class=\"pgafu-time\"> <img src=\"http:\/\/archiv.szolnoktv.hu\/wp-content\/plugins\/post-grid-and-filter-ultimate\/assets\/images\/calendar.svg\" alt=\"\"> 2008.12.17. <\/span>\r\n\t\t\t\t\t\t\t\t\t<\/div>\r\n\t\t\t\t\t\t\t<div class=\"pgafu-post-content\">\r\n\t\t\t\t\t<div class=\"pgafu-post-short-content\"><\/div>\r\n\t\t\t\t\t\t\t\t\t\t\t<a href=\"http:\/\/archiv.szolnoktv.hu\/?p=33206\" class=\"readmorebtn\">Tov\u00e1bb \u00bb<\/a>\r\n\t\t\t\t\t\t\t\t\t<\/div>\r\n\t\t\t\t\t<\/div>\r\n\t<\/div>\r\n<\/div><div class=\"pgafu-post-grid  pgafu-medium-4 pgafu-columns  pgafu-last\">\r\n\t<div class=\"pgafu-post-grid-content no-thumb-image\">\r\n\t\t\r\n\t\t<div class=\"pgafu-content-above-image\">\r\n\t\t\t<h2 class=\"pgafu-post-title\">\r\n\t\t\t\t<a href=\"http:\/\/archiv.szolnoktv.hu\/?p=33205\">Aktu\u00e1lis &#8211; 2008-12-15<\/a>\r\n\t\t\t<\/h2>\r\n\r\n\t\t\t\t\t\t\t<div class=\"pgafu-post-categories\"><a href=\"http:\/\/archiv.szolnoktv.hu\/?cat=24\">2008<\/a><\/div>\r\n\t\t\t\t\t\t\t<div class=\"pgafu-post-date\">\r\n\t\t\t\t\t\t\t\t\t\t\t<span class=\"pgafu-time\"> <img src=\"http:\/\/archiv.szolnoktv.hu\/wp-content\/plugins\/post-grid-and-filter-ultimate\/assets\/images\/calendar.svg\" alt=\"\"> 2008.12.15. <\/span>\r\n\t\t\t\t\t\t\t\t\t<\/div>\r\n\t\t\t\t\t\t\t<div class=\"pgafu-post-content\">\r\n\t\t\t\t\t<div class=\"pgafu-post-short-content\"><\/div>\r\n\t\t\t\t\t\t\t\t\t\t\t<a href=\"http:\/\/archiv.szolnoktv.hu\/?p=33205\" class=\"readmorebtn\">Tov\u00e1bb \u00bb<\/a>\r\n\t\t\t\t\t\t\t\t\t<\/div>\r\n\t\t\t\t\t<\/div>\r\n\t<\/div>\r\n<\/div><div class=\"pgafu-post-grid  pgafu-medium-4 pgafu-columns  pgafu-first\">\r\n\t<div class=\"pgafu-post-grid-content no-thumb-image\">\r\n\t\t\r\n\t\t<div class=\"pgafu-content-above-image\">\r\n\t\t\t<h2 class=\"pgafu-post-title\">\r\n\t\t\t\t<a href=\"http:\/\/archiv.szolnoktv.hu\/?p=33204\">Aktu\u00e1lis &#8211; 2008-12-14<\/a>\r\n\t\t\t<\/h2>\r\n\r\n\t\t\t\t\t\t\t<div class=\"pgafu-post-categories\"><a href=\"http:\/\/archiv.szolnoktv.hu\/?cat=24\">2008<\/a><\/div>\r\n\t\t\t\t\t\t\t<div class=\"pgafu-post-date\">\r\n\t\t\t\t\t\t\t\t\t\t\t<span class=\"pgafu-time\"> <img src=\"http:\/\/archiv.szolnoktv.hu\/wp-content\/plugins\/post-grid-and-filter-ultimate\/assets\/images\/calendar.svg\" alt=\"\"> 2008.12.14. <\/span>\r\n\t\t\t\t\t\t\t\t\t<\/div>\r\n\t\t\t\t\t\t\t<div class=\"pgafu-post-content\">\r\n\t\t\t\t\t<div class=\"pgafu-post-short-content\"><\/div>\r\n\t\t\t\t\t\t\t\t\t\t\t<a href=\"http:\/\/archiv.szolnoktv.hu\/?p=33204\" class=\"readmorebtn\">Tov\u00e1bb \u00bb<\/a>\r\n\t\t\t\t\t\t\t\t\t<\/div>\r\n\t\t\t\t\t<\/div>\r\n\t<\/div>\r\n<\/div><div class=\"pgafu-post-grid  pgafu-medium-4 pgafu-columns \">\r\n\t<div class=\"pgafu-post-grid-content no-thumb-image\">\r\n\t\t\r\n\t\t<div class=\"pgafu-content-above-image\">\r\n\t\t\t<h2 class=\"pgafu-post-title\">\r\n\t\t\t\t<a href=\"http:\/\/archiv.szolnoktv.hu\/?p=33203\">J\u00f3t\u00e9konys\u00e1gi el\u0151ad\u00e1s Nat\u00e1li\u00e1\u00e9rt<br><\/a>\r\n\t\t\t<\/h2>\r\n\r\n\t\t\t\t\t\t\t<div class=\"pgafu-post-categories\"><a href=\"http:\/\/archiv.szolnoktv.hu\/?cat=24\">2008<\/a><\/div>\r\n\t\t\t\t\t\t\t<div class=\"pgafu-post-date\">\r\n\t\t\t\t\t\t\t\t\t\t\t<span class=\"pgafu-time\"> <img src=\"http:\/\/archiv.szolnoktv.hu\/wp-content\/plugins\/post-grid-and-filter-ultimate\/assets\/images\/calendar.svg\" alt=\"\"> 2008.12.13. <\/span>\r\n\t\t\t\t\t\t\t\t\t<\/div>\r\n\t\t\t\t\t\t\t<div class=\"pgafu-post-content\">\r\n\t\t\t\t\t<div class=\"pgafu-post-short-content\">\u00d6sszefogtak Nat\u00e1li\u00e1\u00e9rt. Zagyvar\u00e9kason j\u00f3t\u00e9konys\u00e1gi el\u0151ad\u00e1st szerveztek, melynek bev\u00e9tel\u00e9t a telep\u00fcl\u00e9s lak\u00f3i a nyolc \u00e9ves tetrapar\u00e9zisben szenved\u0151 kisl\u00e1ny m\u0171t\u00e9tj\u00e9re aj\u00e1nlott\u00e1k fel....<\/div>\r\n\t\t\t\t\t\t\t\t\t\t\t<a href=\"http:\/\/archiv.szolnoktv.hu\/?p=33203\" class=\"readmorebtn\">Tov\u00e1bb \u00bb<\/a>\r\n\t\t\t\t\t\t\t\t\t<\/div>\r\n\t\t\t\t\t<\/div>\r\n\t<\/div>\r\n<\/div><div class=\"pgafu-post-grid  pgafu-medium-4 pgafu-columns  pgafu-last\">\r\n\t<div class=\"pgafu-post-grid-content no-thumb-image\">\r\n\t\t\r\n\t\t<div class=\"pgafu-content-above-image\">\r\n\t\t\t<h2 class=\"pgafu-post-title\">\r\n\t\t\t\t<a href=\"http:\/\/archiv.szolnoktv.hu\/?p=33202\">Megyei K\u00f6zgy\u0171l\u00e9s<\/a>\r\n\t\t\t<\/h2>\r\n\r\n\t\t\t\t\t\t\t<div class=\"pgafu-post-categories\"><a href=\"http:\/\/archiv.szolnoktv.hu\/?cat=24\">2008<\/a><\/div>\r\n\t\t\t\t\t\t\t<div class=\"pgafu-post-date\">\r\n\t\t\t\t\t\t\t\t\t\t\t<span class=\"pgafu-time\"> <img src=\"http:\/\/archiv.szolnoktv.hu\/wp-content\/plugins\/post-grid-and-filter-ultimate\/assets\/images\/calendar.svg\" alt=\"\"> 2008.12.13. <\/span>\r\n\t\t\t\t\t\t\t\t\t<\/div>\r\n\t\t\t\t\t\t\t<div class=\"pgafu-post-content\">\r\n\t\t\t\t\t<div class=\"pgafu-post-short-content\">Vita n\u00e9lk\u00fcl. Elfogadt\u00e1k a JNSZ Megyei \u00d6nkorm\u00e1nyzat 2009. \u00e9vi k\u00f6lts\u00e9gvet\u00e9si koncepci\u00f3j\u00e1t. Az \u00e9v utols\u00f3 k\u00f6zgy\u0171l\u00e9s\u00e9n a k\u00e9pvisel\u0151k t\u00e1j\u00e9koztat\u00e1st kaptak a...<\/div>\r\n\t\t\t\t\t\t\t\t\t\t\t<a href=\"http:\/\/archiv.szolnoktv.hu\/?p=33202\" class=\"readmorebtn\">Tov\u00e1bb \u00bb<\/a>\r\n\t\t\t\t\t\t\t\t\t<\/div>\r\n\t\t\t\t\t<\/div>\r\n\t<\/div>\r\n<\/div>\r\n\t\t\t\t\t\t\t<div class=\"pgafu-post-pagination pgafu-clearfix\">\r\n\t\t\t\t\t<span aria-current=\"page\" class=\"page-numbers current\">1<\/span>\n<a class=\"page-numbers\" href=\"http:\/\/archiv.szolnoktv.hu\/index.php?rest_route=%2Fwp%2Fv2%2Fpages%2F30182&#038;paged=2\">2<\/a>\n<a class=\"page-numbers\" href=\"http:\/\/archiv.szolnoktv.hu\/index.php?rest_route=%2Fwp%2Fv2%2Fpages%2F30182&#038;paged=3\">3<\/a>\n<span class=\"page-numbers dots\">&hellip;<\/span>\n<a class=\"page-numbers\" href=\"http:\/\/archiv.szolnoktv.hu\/index.php?rest_route=%2Fwp%2Fv2%2Fpages%2F30182&#038;paged=57\">57<\/a>\n<a class=\"next page-numbers\" href=\"http:\/\/archiv.szolnoktv.hu\/index.php?rest_route=%2Fwp%2Fv2%2Fpages%2F30182&#038;paged=2\">K\u00f6vetkez\u0151 \u00bb<\/a>\t\t\t\t<\/div>\r\n\t\t\t\r\n\t\t<\/div>\r\n\r\n\t\t\n","protected":false},"excerpt":{"rendered":"","protected":false},"author":1,"featured_media":0,"parent":0,"menu_order":0,"comment_status":"closed","ping_status":"closed","template":"","meta":[],"_links":{"self":[{"href":"http:\/\/archiv.szolnoktv.hu\/index.php?rest_route=\/wp\/v2\/pages\/30182"}],"collection":[{"href":"http:\/\/archiv.szolnoktv.hu\/index.php?rest_route=\/wp\/v2\/pages"}],"about":[{"href":"http:\/\/archiv.szolnoktv.hu\/index.php?rest_route=\/wp\/v2\/types\/page"}],"author":[{"embeddable":true,"href":"http:\/\/archiv.szolnoktv.hu\/index.php?rest_route=\/wp\/v2\/users\/1"}],"replies":[{"embeddable":true,"href":"http:\/\/archiv.szolnoktv.hu\/index.php?rest_route=%2Fwp%2Fv2%2Fcomments&post=30182"}],"version-history":[{"count":1,"href":"http:\/\/archiv.szolnoktv.hu\/index.php?rest_route=\/wp\/v2\/pages\/30182\/revisions"}],"predecessor-version":[{"id":30183,"href":"http:\/\/archiv.szolnoktv.hu\/index.php?rest_route=\/wp\/v2\/pages\/30182\/revisions\/30183"}],"wp:attachment":[{"href":"http:\/\/archiv.szolnoktv.hu\/index.php?rest_route=%2Fwp%2Fv2%2Fmedia&parent=30182"}],"curies":[{"name":"wp","href":"https:\/\/api.w.org\/{rel}","templated":true}]}}